{"version":"1.0","provider_name":"Fondation Jeunes en T\u00eate","provider_url":"https:\/\/fondationjeunesentete.org","author_name":"admin","author_url":"https:\/\/fondationjeunesentete.org\/author\/admin\/","title":"Atelier La base pour la sant\u00e9 mentale - Fondation Jeunes en T\u00eate","type":"rich","width":600,"height":338,"html":"<blockquote class=\"wp-embedded-content\" data-secret=\"7BNVK5QwcN\"><a href=\"https:\/\/fondationjeunesentete.org\/nos-actions\/atelier-la-base-pour-la-sante-mentale\/\">Atelier La base pour la sant\u00e9 mentale<\/a><\/blockquote><iframe sandbox=\"allow-scripts\" security=\"restricted\" src=\"https:\/\/fondationjeunesentete.org\/nos-actions\/atelier-la-base-pour-la-sante-mentale\/embed\/#?secret=7BNVK5QwcN\" width=\"600\" height=\"338\" title=\"\u00ab\u00a0Atelier La base pour la sant\u00e9 mentale\u00a0\u00bb &#8212; Fondation Jeunes en T\u00eate\" data-secret=\"7BNVK5QwcN\" frameborder=\"0\" marginwidth=\"0\" marginheight=\"0\" scrolling=\"no\" class=\"wp-embedded-content\"><\/iframe><script type=\"text\/javascript\">\n\/* <![CDATA[ *\/\n\/*! This file is auto-generated *\/\n!function(d,l){\"use strict\";l.querySelector&&d.addEventListener&&\"undefined\"!=typeof URL&&(d.wp=d.wp||{},d.wp.receiveEmbedMessage||(d.wp.receiveEmbedMessage=function(e){var t=e.data;if((t||t.secret||t.message||t.value)&&!\/[^a-zA-Z0-9]\/.test(t.secret)){for(var s,r,n,a=l.querySelectorAll('iframe[data-secret=\"'+t.secret+'\"]'),o=l.querySelectorAll('blockquote[data-secret=\"'+t.secret+'\"]'),c=new RegExp(\"^https?:$\",\"i\"),i=0;i<o.length;i++)o[i].style.display=\"none\";for(i=0;i<a.length;i++)s=a[i],e.source===s.contentWindow&&(s.removeAttribute(\"style\"),\"height\"===t.message?(1e3<(r=parseInt(t.value,10))?r=1e3:~~r<200&&(r=200),s.height=r):\"link\"===t.message&&(r=new URL(s.getAttribute(\"src\")),n=new URL(t.value),c.test(n.protocol))&&n.host===r.host&&l.activeElement===s&&(d.top.location.href=t.value))}},d.addEventListener(\"message\",d.wp.receiveEmbedMessage,!1),l.addEventListener(\"DOMContentLoaded\",function(){for(var e,t,s=l.querySelectorAll(\"iframe.wp-embedded-content\"),r=0;r<s.length;r++)(t=(e=s[r]).getAttribute(\"data-secret\"))||(t=Math.random().toString(36).substring(2,12),e.src+=\"#?secret=\"+t,e.setAttribute(\"data-secret\",t)),e.contentWindow.postMessage({message:\"ready\",secret:t},\"*\")},!1)))}(window,document);\n\/\/# sourceURL=https:\/\/fondationjeunesentete.org\/wp-includes\/js\/wp-embed.min.js\n\/* ]]> *\/\n<\/script>\n","thumbnail_url":"https:\/\/fondationjeunesentete.tor1.digitaloceanspaces.com\/2020\/07\/la-base-atelier-hero.jpg","thumbnail_width":2400,"thumbnail_height":1200,"description":"Cet atelier, offert gratuitement aux \u00e9coles, est destin\u00e9 aux \u00e9l\u00e8ves de 1\u00e8re et 2e secondaire. Il a pour objectif d\u2019offrir aux ados les cl\u00e9s d\u2019une sant\u00e9 mentale positive. Gr\u00e2ce \u00e0 ces outils, les jeunes peuvent : 1. R\u00e9duire les risques d\u2019apparition de sympt\u00f4mes de la d\u00e9pression. 2. Accueillir et r\u00e9guler l\u2019anxi\u00e9t\u00e9. 3. D\u00e9velopper leurs capacit\u00e9s \u00e0 faire de l\u2019introspection. 4. Entretenir de bonnes relations avec les autres. Inscrivez votre \u00e9cole maintenant !"}