{"id":7,"date":"2020-08-31T14:27:26","date_gmt":"2020-08-31T18:27:26","guid":{"rendered":"https:\/\/fondationjeunesentete.org\/accueil\/"},"modified":"2026-02-13T12:37:38","modified_gmt":"2026-02-13T17:37:38","slug":"accueil","status":"publish","type":"page","link":"https:\/\/fondationjeunesentete.org\/","title":{"rendered":"Accueil"},"content":{"rendered":"<div class=\"wpb-content-wrapper\"><p>[vc_row full_width=\u00a0\u00bbstretch_row_content_no_spaces\u00a0\u00bb][vc_column]<div class=\"fjet-module-container module-without-overflow bg module-hero bg-color module-bg-color-bleu hero-home\">\n    <div class=\"bg-img-hero \" style=\"background-image: url('https:\/\/fondationjeunesentete.tor1.digitaloceanspaces.com\/2020\/06\/fjet_hero_group-teens1sm.jpg')\">                <div class=\"container\">\n                        <div class=\"row  desktop-only\">\n                <div class=\"col-xl-8\">\n                    <div class=\"content-hero content-txt  no-bt \">\n                                                <h1 class=\"text-color-blanc \">Agissons pour le bien-\u00eatre des jeunes<\/h1>                        <p class=\"lead text-color-blanc\">La Fondation Jeunes en T\u00eate pr\u00e9vient la d\u00e9tresse psychologique chez les jeunes de 11 \u00e0 18 ans gr\u00e2ce \u00e0 ses programmes de sensibilisation. Notre fondation \u0153uvre pour les jeunes du Qu\u00e9bec et leur entourage.<\/p>\n                        <div class=\"box-btns\">\t                    \t\t\t\t\t\t<\/div>\n                    <\/div>\n                <\/div>\n            <\/div>\n        <\/div>\n    <\/div>    <div class=\"container mobile-only with-bg home-mobile\">\n        <div class=\"row row-mobile\">\n            <div class=\"col-12\">\n                <div class=\"content-txt \">\n                                        <h1 class=\"text-color-blanc \">Agissons pour le bien-\u00eatre des jeunes<\/h1>                    <p class=\"lead text-color-blanc\">La Fondation Jeunes en T\u00eate pr\u00e9vient la d\u00e9tresse psychologique chez les jeunes de 11 \u00e0 18 ans gr\u00e2ce \u00e0 ses programmes de sensibilisation. Notre fondation \u0153uvre pour les jeunes du Qu\u00e9bec et leur entourage.<\/p>\n\t\t\t\t\t<div class=\"box-btns\">\t                \t\t\t\t\t<\/div>\n                <\/div>\n            <\/div>\n        <\/div>\n    <\/div>\n<\/div>\n[\/vc_column][\/vc_row][vc_row full_width=\u00a0\u00bbstretch_row_content_no_spaces\u00a0\u00bb][vc_column]<div class=\"  \" data-aos=\"fade-up\" data-aos-offset=\"200\" data-aos-delay=\"200\" data-aos-duration=\"400\" data-aos-easing=\"ease\" data-aos-once=\"true\" ><div class=\"fjet-module-container module-without-overflow module-3-blocs-cliquables bg-color module-bg-color-blanc\">\n    <div class=\"container\">\n        <div class=\"row\">\n            <div class=\"col-10 offset-1 col-md-4 offset-md-0\">\n                <div class=\"boite-cliquable marge-top\">\n                    <a href=\"http:\/\/fondationjeunesentete.org\/nos-actions\/\" class=\"box-link js-link\">\n                        <div class=\"boite-img bg-vert\">\n                            <div class=\"decoration-box\" style=\"background-image: url('https:\/\/fondationjeunesentete.tor1.digitaloceanspaces.com\/2020\/06\/svg-white-hp-left-1.svg')\"><\/div>\n                            <h5>D\u00e9couvrir nos ateliers<\/h5>\n                        <\/div>\n                        <div class=\"text-box\">\n                            <h2>D\u00e9couvrir nos ateliers<\/h2>\n                            <p class=\"p-medium\">Comme des centaines d\u2019\u00e9coles au Qu\u00e9bec, inscrivez-vous \u00e0 nos ateliers gratuits en classe.<\/p>\n                            <button href=\"http:\/\/fondationjeunesentete.org\/nos-actions\/\" class=\"btn btn-link\"><span>D\u00e9couvrir nos ateliers<\/span><\/button>\n                        <\/div>\n                    <\/a>\n                <\/div>\n            <\/div>\n            <div class=\"col-10 offset-2 col-md-4 offset-md-0\">\n                <div class=\"boite-cliquable\">\n                    <a href=\"http:\/\/fondationjeunesentete.org\/nos-outils\/\" class=\"box-link js-link\">\n                        <div class=\"boite-img bg-bleu\">\n                            <div class=\"decoration-box\" style=\"background-image: url('https:\/\/fondationjeunesentete.tor1.digitaloceanspaces.com\/2020\/06\/svg-white-hp-middle-1.svg')\"><\/div>\n                            <h5>S'outiller<\/h5>\n                        <\/div>\n                        <div class=\"text-box\">\n                            <h2>S'outiller<\/h2>\n                            <p class=\"p-medium\">Familles, personnel scolaire, jeunes, pr\u00e9venez la d\u00e9tresse psychologique au quotidien.<\/p>\n                            <button href=\"http:\/\/fondationjeunesentete.org\/nos-outils\/\" class=\"btn btn-link\"><span>S'outiller<\/span><\/button>\n                        <\/div>\n                    <\/a>\n                <\/div>\n            <\/div>\n            <div class=\"col-10 offset-1 col-md-4 offset-md-0\">\n                <div class=\"boite-cliquable marge-top\">\n                    <a href=\"http:\/\/fondationjeunesentete.org\/faire-un-don\/\" class=\"box-link js-link\">\n                        <div class=\"boite-img bg-rose\">\n                            <div class=\"decoration-box\" style=\"background-image: url('https:\/\/fondationjeunesentete.tor1.digitaloceanspaces.com\/2020\/06\/svg-white-hp-right.svg')\"><\/div>\n                            <h5>Faire un don<\/h5>\n                        <\/div>\n                        <div class=\"text-box\">\n                            <h2>Faire un don<\/h2>\n                            <p class=\"p-medium\">Soutenez notre cause et redonnez espoir aux jeunes en faisant un don.<\/p>\n                            <button href=\"http:\/\/fondationjeunesentete.org\/faire-un-don\/\" class=\"btn btn-link\"><span>Faire un don<\/span><\/button>\n                        <\/div>\n                    <\/a>\n                <\/div>\n            <\/div>\n        <\/div>\n    <\/div>\n<\/div><\/div>[\/vc_column][\/vc_row][vc_row][vc_column][\/vc_column][\/vc_row][vc_row full_width=\u00a0\u00bbstretch_row_content_no_spaces\u00a0\u00bb][vc_column][vc_empty_space height=\u00a0\u00bb60px\u00a0\u00bb]<div class=\"fjet-module-container module-caroussel module-without-overflow  bg-color module-bg-color-jaune\">\n    <!-- decoration-box * pour mettre une deco en fond, par dessus une image s'il y a lieu   -->\n        <div class=\"container\">\n        <div class=\"row\">\n            <div class=\"col-12\">\n                <div class=\"content-txt\">\n                                                                <h2 class=\" text-color-blanc \">\u00c0 LA UNE<\/h2>                <\/div>\n            <\/div>\n        <\/div>\n    <\/div>\n    <div class=\"container \">\n        <div class=\"row\">\n            <div class=\"col-12\">\n                <div class=\"swiper-container theme-fjet\">\n                    <div class=\"swiper-wrapper\">\n                        <div class=\"swiper-slide item\">\n    <div class=\"carousel-color-box bg-blanc module-shadow\">\n                    <div class=\"img-box\">\n                                            <img decoding=\"async\" src=\"https:\/\/fondationjeunesentete.tor1.digitaloceanspaces.com\/2026\/02\/copie-de-visuel-actu-site-web-1.png\" alt=\"Une course \u00e0 la bienveillance qui rapporte gros !\" class=\"img-fluid\">\n                                    <\/div>\n                    <div class=\"txt-box\">\n\t                                <h5><a href=\"https:\/\/fondationjeunesentete.org\/2026\/02\/13\/750-000-pour-la-sante-mentale-des-ados-du-quebec\/\" title=\"\" target=\"_blank\">Une course \u00e0 la bienveillance qui rapporte gros !<\/a><\/h5>\t                    <p><span class=\"TextRun SCXW252471211 BCX0\" lang=\"FR-FR\" xml:lang=\"FR-FR\" data-contrast=\"none\"><span class=\"NormalTextRun SCXW252471211 BCX0\">La\u00a0<\/span><\/span><span class=\"TextRun SCXW252471211 BCX0\" lang=\"FR-FR\" xml:lang=\"FR-FR\" data-contrast=\"none\"><span class=\"NormalTextRun SCXW252471211 BCX0\">22e \u00e9dition du Bal de la Saint-Valentin\u00a0<\/span><\/span><span class=\"TextRun SCXW252471211 BCX0\" lang=\"FR-FR\" xml:lang=\"FR-FR\" data-contrast=\"none\"><span class=\"NormalTextRun SCXW252471211 BCX0\">de la Fondation Jeunes en T\u00eate<\/span><\/span><span class=\"TextRun SCXW252471211 BCX0\" lang=\"FR-FR\" xml:lang=\"FR-FR\" data-contrast=\"none\"><span class=\"NormalTextRun SCXW252471211 BCX0\">,\u00a0<\/span><\/span><span class=\"TextRun SCXW252471211 BCX0\" lang=\"FR-FR\" xml:lang=\"FR-FR\" data-contrast=\"none\"><span class=\"NormalTextRun SCXW252471211 BCX0\">sous la th\u00e9matique du\u00a0<\/span><\/span><span class=\"TextRun SCXW252471211 BCX0\" lang=\"FR-FR\" xml:lang=\"FR-FR\" data-contrast=\"none\"><span class=\"NormalTextRun SCXW252471211 BCX0\">Grand Derby<\/span><\/span><span class=\"TextRun SCXW252471211 BCX0\" lang=\"FR-FR\" xml:lang=\"FR-FR\" data-contrast=\"none\"><span class=\"NormalTextRun SCXW252471211 BCX0\">, a connu un succ\u00e8s \u00e9clatant hier soir \u00e0 la Gare Windsor de Montr\u00e9al.<\/span><\/span><\/p>\n                            <a class=\"btn btn-arrow\" href=\"https:\/\/fondationjeunesentete.org\/2026\/02\/13\/750-000-pour-la-sante-mentale-des-ados-du-quebec\/\"\n                   title=\"\"\n                   target=\"_blank\">En savoir plus<\/a>\n                    <\/div>\n    <\/div>\n<\/div>\n<div class=\"swiper-slide item\">\n    <div class=\"carousel-color-box bg-blanc module-shadow\">\n                    <div class=\"img-box\">\n                                            <img decoding=\"async\" src=\"https:\/\/fondationjeunesentete.tor1.digitaloceanspaces.com\/2025\/12\/bdm25-visuel-actualite-site-web-2.jpg\" alt=\"Grand succ\u00e8s pour le 14e Bal du maire !\" class=\"img-fluid\">\n                                    <\/div>\n                    <div class=\"txt-box\">\n\t                                <h5><a href=\"https:\/\/fondationjeunesentete.org\/2025\/12\/06\/grand-succes-pour-le-14e-bal-du-maire-de-la-fondation-jeunes-en-tete\/\" title=\"\" target=\"_blank\">Grand succ\u00e8s pour le 14e Bal du maire !<\/a><\/h5>\t                    <p>\u200bL\u2019\u00e9v\u00e9nement-b\u00e9n\u00e9fice a connu un grand succ\u00e8s et a permis de recueillir la somme nette de 1 075 000 $ d\u2019entraide jeunesse, compl\u00e9mentaires \u00e0 son action, qui travaillent aupr\u00e8s des jeunes en difficult\u00e9 des r\u00e9gions de la Capitale-Nationale et de l\u2019Est-du-Qu\u00e9bec.<\/p>\n                            <a class=\"btn btn-arrow\" href=\"https:\/\/fondationjeunesentete.org\/2025\/12\/06\/grand-succes-pour-le-14e-bal-du-maire-de-la-fondation-jeunes-en-tete\/\"\n                   title=\"\"\n                   target=\"_blank\">En savoir plus<\/a>\n                    <\/div>\n    <\/div>\n<\/div>\n<div class=\"swiper-slide item\">\n    <div class=\"carousel-color-box bg-blanc module-shadow\">\n                    <div class=\"img-box\">\n                                            <img decoding=\"async\" src=\"https:\/\/fondationjeunesentete.tor1.digitaloceanspaces.com\/2025\/09\/fjet-sj-thumbnail-youtube-1280x720-fr-podcast-cjup.jpg\" alt=\"Nouveau balado - C'est juste une phase\" class=\"img-fluid\">\n                                    <\/div>\n                    <div class=\"txt-box\">\n\t                                <h5><a href=\"https:\/\/fondationjeunesentete.org\/2025\/10\/03\/nouvelle-serie-de-balados-cest-juste-une-phase-fjet-gris-montreal-ensemble\/\" title=\"\" target=\"_blank\">Nouveau balado - C'est juste une phase<\/a><\/h5>\t                    <p>La Fondation Jeunes en T\u00eate s\u2019associe au GRIS-Montr\u00e9al et \u00e0 Ensemble pour le respect de la diversit\u00e9 pour lancer une s\u00e9rie de balados afin de favoriser la cr\u00e9ation d\u2019un environnement bienveillant pour les jeunes LGBTQ+ et leur entourage.<\/p>\n                            <a class=\"btn btn-arrow\" href=\"https:\/\/fondationjeunesentete.org\/2025\/10\/03\/nouvelle-serie-de-balados-cest-juste-une-phase-fjet-gris-montreal-ensemble\/\"\n                   title=\"\"\n                   target=\"_blank\">En savoir plus<\/a>\n                    <\/div>\n    <\/div>\n<\/div>\n<div class=\"swiper-slide item\">\n    <div class=\"carousel-color-box bg-blanc module-shadow\">\n                    <div class=\"img-box\">\n                                            <img decoding=\"async\" src=\"https:\/\/fondationjeunesentete.tor1.digitaloceanspaces.com\/2025\/09\/lb-bal-urbain-2025-je-donne-1-1.jpg\" alt=\"Bal Urbain - Let's Bond 2025\" class=\"img-fluid\">\n                                    <\/div>\n                    <div class=\"txt-box\">\n\t                                <h5><a href=\"https:\/\/fondationjeunesentete.org\/2025\/09\/18\/13e-edition-du-bal-urbain\/\" title=\"\" target=\"_blank\">Bal Urbain - Let's Bond 2025<\/a><\/h5>\t                    <p><span data-olk-copy-source=\"MessageBody\"> Let&rsquo;s Bond est de retour pour la 13e \u00e9dition du Bal Urbain, une exp\u00e9rience \u00e9v\u00e9nementielle unique en son genre, qui rassemble sa communaut\u00e9 pour soutenir la cause de la sant\u00e9 mentale.\u00a0<\/span><\/p>\n                            <a class=\"btn btn-arrow\" href=\"https:\/\/fondationjeunesentete.org\/2025\/09\/18\/13e-edition-du-bal-urbain\/\"\n                   title=\"\"\n                   target=\"_blank\">En savoir plus<\/a>\n                    <\/div>\n    <\/div>\n<\/div>\n<div class=\"swiper-slide item\">\n    <div class=\"carousel-color-box bg-blanc module-shadow\">\n                    <div class=\"img-box\">\n                                            <img decoding=\"async\" src=\"https:\/\/fondationjeunesentete.tor1.digitaloceanspaces.com\/2025\/06\/fjet-rapport-annuel-bandeau-actulaite-web-844x459-3.png\" alt=\"Une mobilisation exceptionnelle pour la cause\" class=\"img-fluid\">\n                                    <\/div>\n                    <div class=\"txt-box\">\n\t                                <h5><a href=\"https:\/\/fondationjeunesentete.org\/2025\/07\/08\/rapport-dactivites-une-mobilisation-exceptionnelle-pour-la-cause\/\" title=\"\" target=\"_blank\">Une mobilisation exceptionnelle pour la cause<\/a><\/h5>\t                    <p>La Fondation Jeunes en T\u00eate est fi\u00e8re de vous pr\u00e9senter son rapport d\u2019activit\u00e9s 2024, d\u00e9montrant toute la vitalit\u00e9 et la croissance de l&rsquo;organisation engag\u00e9e pour l\u2019avenir et la jeunesse.<\/p>\n                            <a class=\"btn btn-arrow\" href=\"https:\/\/fondationjeunesentete.org\/2025\/07\/08\/rapport-dactivites-une-mobilisation-exceptionnelle-pour-la-cause\/\"\n                   title=\"\"\n                   target=\"_blank\">En savoir plus<\/a>\n                    <\/div>\n    <\/div>\n<\/div>\n<div class=\"swiper-slide item\">\n    <div class=\"carousel-color-box bg-blanc module-shadow\">\n                    <div class=\"img-box\">\n                                            <img decoding=\"async\" src=\"https:\/\/fondationjeunesentete.tor1.digitaloceanspaces.com\/2025\/06\/image-a-la-une-site-golf.jpg\" alt=\"566 000 $ NET AMASS\u00c9S AU 34E TOURNOI DE GOLF !\" class=\"img-fluid\">\n                                    <\/div>\n                    <div class=\"txt-box\">\n\t                                <h5><a href=\"https:\/\/fondationjeunesentete.org\/2025\/06\/10\/566-000-net-amasses-pour-la-sante-mentale-des-jeunes\/\" title=\"\" target=\"_blank\">566 000 $ NET AMASS\u00c9S AU 34E TOURNOI DE GOLF !<\/a><\/h5>\t                    <p>La 34e \u00e9dition du Tournoi de golf de la Fondation Jeunes en T\u00eate ressemblait pr\u00e8s de 250 participants venus d\u00e9couvrir la cause tout en profitant d\u2019un des plus exclusifs terrains de golf au Qu\u00e9bec.<\/p>\n                            <a class=\"btn btn-arrow\" href=\"https:\/\/fondationjeunesentete.org\/2025\/06\/10\/566-000-net-amasses-pour-la-sante-mentale-des-jeunes\/\"\n                   title=\"\"\n                   target=\"_blank\">En savoir plus<\/a>\n                    <\/div>\n    <\/div>\n<\/div>\n<div class=\"swiper-slide item\">\n    <div class=\"carousel-color-box bg-blanc module-shadow\">\n                    <div class=\"img-box\">\n                                            <img decoding=\"async\" src=\"https:\/\/fondationjeunesentete.tor1.digitaloceanspaces.com\/2025\/03\/jeu-pedago-apercu-fb-1.png\" alt=\"Nouveau jeu p\u00e9dagogique sur la conciliation \u00e9tudes-travail\" class=\"img-fluid\">\n                                    <\/div>\n                    <div class=\"txt-box\">\n\t                                <h5><a href=\"https:\/\/fondationjeunesentete.org\/2025\/04\/09\/nouveau-jeu-pedagogique-pour-apprendre-a-conjuguer-etudes-et-travail\/\" title=\"\" target=\"_blank\">Nouveau jeu p\u00e9dagogique sur la conciliation \u00e9tudes-travail<\/a><\/h5>\t                    <p>\u200bUne activit\u00e9 cl\u00e9 en main gratuite pour pr\u00e9parer les jeunes \u00e0 de bonnes relations de travail et une exp\u00e9rience positive pour leur premier emploi, ou leur permettre de faire le point s&rsquo;ils et elles en occupent d\u00e9j\u00e0 un.<\/p>\n                            <a class=\"btn btn-arrow\" href=\"https:\/\/fondationjeunesentete.org\/2025\/04\/09\/nouveau-jeu-pedagogique-pour-apprendre-a-conjuguer-etudes-et-travail\/\"\n                   title=\"\"\n                   target=\"_blank\">En savoir plus<\/a>\n                    <\/div>\n    <\/div>\n<\/div>\n<div class=\"swiper-slide item\">\n    <div class=\"carousel-color-box bg-blanc module-shadow\">\n                    <div class=\"img-box\">\n                                            <img decoding=\"async\" src=\"https:\/\/fondationjeunesentete.tor1.digitaloceanspaces.com\/2025\/02\/actualite-emilie-et-rose.jpg\" alt=\"T\u00e9moignage d'\u00c9milie et Rose\" class=\"img-fluid\">\n                                    <\/div>\n                    <div class=\"txt-box\">\n\t                                <h5><a href=\"https:\/\/fondationjeunesentete.org\/2025\/02\/20\/temoignage-de-emilie-et-rose\/\" title=\"\" target=\"_blank\">T\u00e9moignage d'\u00c9milie et Rose<\/a><\/h5>\t                    <p>\u200bAu bout de la Gasp\u00e9sie se trouve \u00c9milie, une m\u00e8re devenue proche-aidante pour sa fille, Rose, une adolescente qui lutte f\u00e9rocement contre son envie de mourir. Elles vous partagent leur histoire.<\/p>\n                            <a class=\"btn btn-arrow\" href=\"https:\/\/fondationjeunesentete.org\/2025\/02\/20\/temoignage-de-emilie-et-rose\/\"\n                   title=\"\"\n                   target=\"_blank\">Lire l'article<\/a>\n                    <\/div>\n    <\/div>\n<\/div>\n<div class=\"swiper-slide item\">\n    <div class=\"carousel-color-box bg-blanc module-shadow\">\n                    <div class=\"img-box\">\n                                            <img decoding=\"async\" src=\"https:\/\/fondationjeunesentete.tor1.digitaloceanspaces.com\/2025\/02\/fjet-balsaintvalentin-2025-montant-13-02-25-fr-scaled.jpg\" alt=\"860 000 $ pour la sant\u00e9 mentale des ados du Qu\u00e9bec\" class=\"img-fluid\">\n                                    <\/div>\n                    <div class=\"txt-box\">\n\t                                <h5><a href=\"https:\/\/fondationjeunesentete.org\/2025\/02\/14\/860-000-amasses-lors-du-21e-bal-de-la-saint-valentin\/\" title=\"\" target=\"_blank\">860 000 $ pour la sant\u00e9 mentale des ados du Qu\u00e9bec<\/a><\/h5>\t                    <p>\u200bUn franc succ\u00e8s pour le 21e Bal de la Saint-Valentin de la Fondation Jeunes en T\u00eate !<\/p>\n                            <a class=\"btn btn-arrow\" href=\"https:\/\/fondationjeunesentete.org\/2025\/02\/14\/860-000-amasses-lors-du-21e-bal-de-la-saint-valentin\/\"\n                   title=\"\"\n                   target=\"_blank\">Lire l'article<\/a>\n                    <\/div>\n    <\/div>\n<\/div>\n<div class=\"swiper-slide item\">\n    <div class=\"carousel-color-box bg-blanc module-shadow\">\n                    <div class=\"img-box\">\n                                            <img decoding=\"async\" src=\"https:\/\/fondationjeunesentete.tor1.digitaloceanspaces.com\/2024\/02\/perseverance-scolaire-sante-mentale-ados.jpg\" alt=\"Une sant\u00e9 mentale positive, un d\u00e9terminant de la pers\u00e9v\u00e9rance scolaire\" class=\"img-fluid\">\n                                    <\/div>\n                    <div class=\"txt-box\">\n\t                                <h5><a href=\"https:\/\/fondationjeunesentete.org\/2024\/02\/09\/une-sante-mentale-positive-un-determinant-de-la-perseverance-scolaire\/\" title=\"\" target=\"_blank\">Une sant\u00e9 mentale positive, un d\u00e9terminant de la pers\u00e9v\u00e9rance scolaire<\/a><\/h5>\t                    <p>\u00c0 l&rsquo;occasion des Journ\u00e9es de la pers\u00e9v\u00e9rance scolaire, la Fondation Jeunes en T\u00eate est all\u00e9e \u00e0 la rencontre d&rsquo;une psychologue, d&rsquo;une chercheuse et d&rsquo;une enseignante pour vous partager des strat\u00e9gies \u00e0 mettre en place pour encourager et motiver vos jeunes au quotidien.<\/p>\n                            <a class=\"btn btn-arrow\" href=\"https:\/\/fondationjeunesentete.org\/2024\/02\/09\/une-sante-mentale-positive-un-determinant-de-la-perseverance-scolaire\/\"\n                   title=\"\"\n                   target=\"_blank\">Lire l'article<\/a>\n                    <\/div>\n    <\/div>\n<\/div>\n<div class=\"swiper-slide item\">\n    <div class=\"carousel-color-box bg-blanc module-shadow\">\n                    <div class=\"img-box\">\n                                            <img decoding=\"async\" src=\"https:\/\/fondationjeunesentete.tor1.digitaloceanspaces.com\/2024\/12\/adolescence-1.jpg\" alt=\"L'adolescence : parlons d'une p\u00e9riode, pas d'une crise\" class=\"img-fluid\">\n                                    <\/div>\n                    <div class=\"txt-box\">\n\t                                <h5><a href=\"https:\/\/fondationjeunesentete.org\/ressource\/ladolescence-parlons-dune-periode-pas-dune-crise\/\" title=\"\" target=\"_blank\">L'adolescence : parlons d'une p\u00e9riode, pas d'une crise<\/a><\/h5>\t                    <p>La \u00ab crise d\u2019adolescence \u00bb a le dos large ! Les mythes li\u00e9s \u00e0 cette expression sont tenaces, mais contrairement aux id\u00e9es pr\u00e9con\u00e7ues, les ann\u00e9es d\u2019adolescence ne devraient pas n\u00e9cessairement \u00eatre tourment\u00e9es.<\/p>\n                            <a class=\"btn btn-arrow\" href=\"https:\/\/fondationjeunesentete.org\/ressource\/ladolescence-parlons-dune-periode-pas-dune-crise\/\"\n                   title=\"\"\n                   target=\"_blank\">Lire l'article<\/a>\n                    <\/div>\n    <\/div>\n<\/div>\n<div class=\"swiper-slide item\">\n    <div class=\"carousel-color-box bg-blanc module-shadow\">\n                    <div class=\"img-box\">\n                                            <img decoding=\"async\" src=\"https:\/\/fondationjeunesentete.tor1.digitaloceanspaces.com\/2024\/11\/dsc-1072-montant-fr-scaled.jpg\" alt=\"Uma noite perfeita : 13e Bal du maire de la Fondation Jeunes en T\u00eate\" class=\"img-fluid\">\n                                    <\/div>\n                    <div class=\"txt-box\">\n\t                                <h5><a href=\"https:\/\/fondationjeunesentete.org\/2024\/11\/30\/uma-noite-perfeita-pour-soutenir-la-sante-mentale-des-jeunes\/\" title=\"\" target=\"_blank\">Uma noite perfeita : 13e Bal du maire de la Fondation Jeunes en T\u00eate<\/a><\/h5>\t                    <p>\u200bLa Fondation Jeunes en T\u00eate est fi\u00e8re de vous annoncer le succ\u00e8s \u00e9poustouflant du 13e Bal du maire, qui s&rsquo;est tenu le vendredi 29 novembre 2024.<\/p>\n                            <a class=\"btn btn-arrow\" href=\"https:\/\/fondationjeunesentete.org\/2024\/11\/30\/uma-noite-perfeita-pour-soutenir-la-sante-mentale-des-jeunes\/\"\n                   title=\"\"\n                   target=\"_blank\">En savoir plus<\/a>\n                    <\/div>\n    <\/div>\n<\/div>\n<div class=\"swiper-slide item\">\n    <div class=\"carousel-color-box bg-blanc module-shadow\">\n                    <div class=\"img-box\">\n                                            <img decoding=\"async\" src=\"https:\/\/fondationjeunesentete.tor1.digitaloceanspaces.com\/2024\/10\/cf-mtl-fjet-scaled.jpg\" alt=\"La FJET et le CF Montr\u00e9al joignent leurs forces pour la sant\u00e9 mentale des ados\" class=\"img-fluid\">\n                                    <\/div>\n                    <div class=\"txt-box\">\n\t                                <h5><a href=\"https:\/\/fondationjeunesentete.org\/2024\/10\/10\/le-cf-montreal-et-la-fondation-jeunes-en-tete-joignent-leurs-forces-pour-la-sante-mentale-des-ados\/\" title=\"\" target=\"_blank\">La FJET et le CF Montr\u00e9al joignent leurs forces pour la sant\u00e9 mentale des ados<\/a><\/h5>\t                    <p>Dans le cadre de la\u00a0Journ\u00e9e mondiale de la sant\u00e9 mentale, la Fondation Jeunes en T\u00eate et le CF Montr\u00e9al sont\u00a0fiers\u00a0d\u2019annoncer une\u00a0nouvelle collaboration\u00a0pour\u00a0\u00e9largir\u00a0leur\u00a0impact direct et concret aupr\u00e8s\u00a0des\u00a0jeunes.<\/p>\n                            <a class=\"btn btn-arrow\" href=\"https:\/\/fondationjeunesentete.org\/2024\/10\/10\/le-cf-montreal-et-la-fondation-jeunes-en-tete-joignent-leurs-forces-pour-la-sante-mentale-des-ados\/\"\n                   title=\"\"\n                   target=\"_blank\">En savoir plus<\/a>\n                    <\/div>\n    <\/div>\n<\/div>\n<div class=\"swiper-slide item\">\n    <div class=\"carousel-color-box bg-blanc module-shadow\">\n                    <div class=\"img-box\">\n                                            <img decoding=\"async\" src=\"https:\/\/fondationjeunesentete.tor1.digitaloceanspaces.com\/2024\/08\/outil-ecrans-ciel.jpg\" alt=\"Nouvel outil pour guider les ados avec les \u00e9crans\" class=\"img-fluid\">\n                                    <\/div>\n                    <div class=\"txt-box\">\n\t                                <h5><a href=\"https:\/\/fondationjeunesentete.org\/2024\/09\/11\/nouvel-outil-pour-guider-les-ados-avec-les-ecrans\/\" title=\"\" target=\"_blank\">Nouvel outil pour guider les ados avec les \u00e9crans<\/a><\/h5>\t                    <p>La Fondation Jeunes en T\u00eate et le C.I.E.L ont mis en commun leur expertise afin de d\u00e9velopper un nouvel outil pour favoriser un usage \u00e9quilibr\u00e9 des \u00e9crans et permettre aux jeunes de profiter de leurs bienfaits. \u00c0 t\u00e9l\u00e9charger gratuitement !<\/p>\n                            <a class=\"btn btn-arrow\" href=\"https:\/\/fondationjeunesentete.org\/2024\/09\/11\/nouvel-outil-pour-guider-les-ados-avec-les-ecrans\/\"\n                   title=\"\"\n                   target=\"_blank\">En savoir plus<\/a>\n                    <\/div>\n    <\/div>\n<\/div>\n<div class=\"swiper-slide item\">\n    <div class=\"carousel-color-box bg-blanc module-shadow\">\n                    <div class=\"img-box\">\n                                            <img decoding=\"async\" src=\"https:\/\/fondationjeunesentete.tor1.digitaloceanspaces.com\/2024\/08\/6.jpg\" alt=\"D\u00e9ploiement d\u2019un premier bureau satellite \u00e0 Qu\u00e9bec\" class=\"img-fluid\">\n                                    <\/div>\n                    <div class=\"txt-box\">\n\t                                <h5><a href=\"https:\/\/fondationjeunesentete.org\/2024\/09\/05\/deploiement-d-un-nouveau-bureau-satellite-a-quebec\/\" title=\"\" target=\"_blank\">D\u00e9ploiement d\u2019un premier bureau satellite \u00e0 Qu\u00e9bec<\/a><\/h5>\t                    <p>La Fondation Jeunes en T\u00eate est fi\u00e8re d\u2019annoncer le d\u00e9ploiement d\u2019une premi\u00e8re \u00e9quipe permanente dans la ville de Qu\u00e9bec, afin d\u2019accro\u00eetre son impact et son appui aupr\u00e8s des jeunes de la Capitale-Nationale et de tout l\u2019Est du Qu\u00e9bec.<\/p>\n                            <a class=\"btn btn-arrow\" href=\"https:\/\/fondationjeunesentete.org\/2024\/09\/05\/deploiement-d-un-nouveau-bureau-satellite-a-quebec\/\"\n                   title=\"\"\n                   target=\"_blank\">En savoir plus<\/a>\n                    <\/div>\n    <\/div>\n<\/div>\n                    <\/div>\n                    <div class=\"swiper-pagination\"><\/div>\n                    <div class=\"swiper-nav\">\n                        <div class=\"swiper-button-prev\"><\/div>\n                        <div class=\"swiper-button-next\"><\/div>\n                    <\/div>\n                <\/div>\n            <\/div>\n        <\/div>\n    <\/div>\n<\/div>\n<div class=\"fjet-module-container module-texte-centre  module-without-overflow    \">\n            <div class=\"container\">\n        <div class=\"row\">\n            <div class=\"col-12 text-center\">\n                <div class=\"content-txt\">\n                                                                                                        <a class=\"btn btn-link-alt\" href=\"http:\/\/fondationjeunesentete.org\/notre-cause\/actualites\/\" title=\"Actualit\u00e9s\" target=\"\"><span>EN SAVOIR PLUS SUR NOTRE ACTUALIT\u00c9<\/span><\/a>\n                                    <\/div>\n            <\/div>\n        <\/div>\n    <\/div>\n    <\/div>[\/vc_column][\/vc_row][vc_row full_width=\u00a0\u00bbstretch_row_content_no_spaces\u00a0\u00bb disable_element=\u00a0\u00bbyes\u00a0\u00bb][vc_column]<div class=\"fjet-module-container module-title-container module-without-overflow  bg-color module-bg-color-jaune    \">\n                    <div class=\"container\">\n            <div class=\"row\">\n                <div class=\"col-12\">\n                    <div class=\"content-txt \">\n                                                                    <\/div>\n                    <div class=\"content-vc\">\n                                            <\/div>\n                <\/div>\n            <\/div>\n        <\/div>\n        <\/div>\n[\/vc_column][\/vc_row][vc_row full_width=\u00a0\u00bbstretch_row_content_no_spaces\u00a0\u00bb][vc_column css=\u00a0\u00bb.vc_custom_1592402941789{margin-top: 40px !important;}\u00a0\u00bb]<div class=\"  \" data-aos=\"fade-right\" data-aos-delay=\"200\" data-aos-duration=\"300\" data-aos-easing=\"ease\" data-aos-once=\"true\" ><div class=\"module-2-col-txt-img fjet-module-container module-with-overflow bg-color module-bg-color-blanc  \">\n    <!-- decoration-box * pour mettre une deco en fond s'il y a lieu   -->\n    <div class=\"decoration-box desktop\" style=\"background-image: url('https:\/\/fondationjeunesentete.tor1.digitaloceanspaces.com\/2020\/06\/scribble-yellow-green-L-1.svg')\"><\/div><div class=\"decoration-box mobile\" style=\"background-image: url('https:\/\/fondationjeunesentete.tor1.digitaloceanspaces.com\/2020\/06\/scribble-yellow-green-L-mb.svg')\"><\/div>\n    <div class=\"container\">\n        <div class=\"row align-items-center\">\n            <div class=\"order-1 order-lg-2 col-lg-6 offset-lg-1\">\n                                    <div class=\"content-img overflow-container\">\n                        <div class=\"img-radius-8\">\n                            <img decoding=\"async\" src=\"https:\/\/fondationjeunesentete.tor1.digitaloceanspaces.com\/2020\/06\/fjet-hp-friends1.jpg\" alt=\"LA D\u00c9TRESSE PSYCHOLOGIQUE, UN ENJEU MAJEUR POUR LES JEUNES\" class=\"img-fluid\">\n                        <\/div>\n                    <\/div>\n                            <\/div>\n            <div class=\"order-2 order-lg-1 col-lg-5\">\n                <div class=\"content-txt\">\n                    <h5 class=\"text-color-bleu\">La cause<\/h5>                    <h3 class=\"text-color-bleu \">LA D\u00c9TRESSE PSYCHOLOGIQUE, UN ENJEU MAJEUR POUR LES JEUNES<\/h3>                    <\/p>\n<p class=\"p1\"><span class=\"s1\">La d\u00e9tresse psychologique est au c\u0153ur de la plupart des probl\u00e8mes v\u00e9cus \u00e0 l\u2019adolescence. Aujourd\u2019hui au Qu\u00e9bec, plus d\u2019un tiers des jeunes disent en souffrir.<\/span><\/p>\n<p>\n                                            <a class=\"btn btn-primary data-gtm-trigger\" \n                            href=\"http:\/\/fondationjeunesentete.org\/notre-cause\/\"\n                            title=\"Notre cause\"\n                            target=\"\"\n                            data-gtm-event=\"Download\" \n                            data-gtm-event-category=\"Opportunity\" \n                            data-gtm-event-action=\"Download\" \n                            data-gtm-event-label=\"Notre cause\" \n                            data-gtm-download-category=\"Inscription\">\n                            <span>En savoir plus<\/span>\n                        <\/a>\n                                    <\/div>\n            <\/div>\n        <\/div>\n    <\/div>\n<\/div><\/div>[\/vc_column][\/vc_row][vc_row full_width=\u00a0\u00bbstretch_row_content_no_spaces\u00a0\u00bb][vc_column]<div class=\"  \" data-aos=\"fade-up-right\" data-aos-duration=\"300\" data-aos-easing=\"ease\" data-aos-once=\"true\" ><div class=\"module-2-col-txt-img fjet-module-container module-with-overflow bg-color module-bg-color-vert  color-inverse\">\n    <!-- decoration-box * pour mettre une deco en fond s'il y a lieu   -->\n    <div class=\"decoration-box desktop\" style=\"background-image: url('https:\/\/fondationjeunesentete.tor1.digitaloceanspaces.com\/2020\/03\/bg-deco-2.svg')\"><\/div><div class=\"decoration-box mobile\" style=\"background-image: url('')\"><\/div>\n    <div class=\"container\">\n        <div class=\"row align-items-center\">\n            <div class=\"col-lg-6\">\n                                    <div class=\"content-img overflow-container\">\n                        <div class=\"img-radius-8\">\n                            <img decoding=\"async\" src=\"https:\/\/fondationjeunesentete.tor1.digitaloceanspaces.com\/2020\/07\/fjet_hp-atelier-scaled.jpg\" alt=\"DES ATELIERS POUR PR\u00c9VENIR ET SENSIBILISER\" class=\"img-fluid\">\n                        <\/div>\n                    <\/div>\n                            <\/div>\n            <div class=\"col-lg-5 offset-lg-1\">\n                <div class=\"content-txt\">\n                    <h5 class=\"text-color-blanc\">NOS ACTIONS<\/h5>                    <h3 class=\"text-color-blanc \">DES ATELIERS POUR PR\u00c9VENIR ET SENSIBILISER<\/h3>                    <\/p>\n<p class=\"p1\"><span class=\"s1\">Avec nos ateliers La base pour la sant\u00e9 mentale et Solidaires pour la sant\u00e9 mentale, nous apprenons aux jeunes:<\/span><\/p>\n<ul>\n<li>\u00c0 s\u2019outiller pour maintenir une bonne sant\u00e9 mentale tout au long de leur vie.<\/li>\n<li>\u00c0 s\u2019exprimer quand ils sont en d\u00e9tresse et \u00e0 aller chercher de l\u2019aide.<\/li>\n<\/ul>\n<p>\n                                            <a class=\"btn btn-inverse data-gtm-trigger\" \n                            href=\"http:\/\/fondationjeunesentete.org\/nos-actions\/\"\n                            title=\"Nos actions\"\n                            target=\"\"\n                            data-gtm-event=\"Download\" \n                            data-gtm-event-category=\"Opportunity\" \n                            data-gtm-event-action=\"Download\" \n                            data-gtm-event-label=\"Nos actions\" \n                            data-gtm-download-category=\"Inscription\">\n                            <span>En savoir plus<\/span>\n                        <\/a>\n                                    <\/div>\n            <\/div>\n        <\/div>\n    <\/div>\n<\/div><\/div>[\/vc_column][\/vc_row][vc_row full_width=\u00a0\u00bbstretch_row_content_no_spaces\u00a0\u00bb][vc_column]<div class=\"fjet-module-container module-title-container module-without-overflow  bg-color module-bg-color-blanc    \">\n                    <div class=\"container\">\n            <div class=\"row\">\n                <div class=\"col-12\">\n                    <div class=\"content-txt \">\n                                                                    <\/div>\n                    <div class=\"content-vc\">\n                        [vc_row_inner][vc_column_inner width=\u00a0\u00bb1\/3&Prime;]<div class=\"fjet-module-container image-texte-module  \">\n    <div class=\"container\">\n        <div class=\"row\">\n            <div class=\"col-12\">\n    <div class=\"content-img\" >\n            <\/div>\n    <div class=\"content-txt\"  >\n                        <\/p>\n<section class=\"numbers\">\n<h1 style=\"text-align: center;\"><span class=\"value\">50000<\/span><\/h1>\n<h5 style=\"text-align: center;\">jeunes sensibilis\u00e9s par ann\u00e9e<\/h5>\n<\/section>\n<p>\n            <\/div>\n            <\/div>\n        <\/div>\n    <\/div>\n<\/div>[vc_raw_js]JTNDc2NyaXB0JTNFJTBBJTI0JTI4d2luZG93JTI5LnNjcm9sbCUyOHRlc3RTY3JvbGwlMjklM0IlMEF2YXIlMjB2aWV3ZWQlMjAlM0QlMjBmYWxzZSUzQiUwQSUwQWZ1bmN0aW9uJTIwaXNTY3JvbGxlZEludG9WaWV3JTI4ZWxlbSUyOSUyMCU3QiUwQSUyMCUyMCUyMCUyMHZhciUyMGRvY1ZpZXdUb3AlMjAlM0QlMjAlMjQlMjh3aW5kb3clMjkuc2Nyb2xsVG9wJTI4JTI5JTNCJTBBJTIwJTIwJTIwJTIwdmFyJTIwZG9jVmlld0JvdHRvbSUyMCUzRCUyMGRvY1ZpZXdUb3AlMjAlMkIlMjAlMjQlMjh3aW5kb3clMjkuaGVpZ2h0JTI4JTI5JTNCJTBBJTBBJTIwJTIwJTIwJTIwdmFyJTIwZWxlbVRvcCUyMCUzRCUyMCUyNCUyOGVsZW0lMjkub2Zmc2V0JTI4JTI5LnRvcCUzQiUwQSUyMCUyMCUyMCUyMHZhciUyMGVsZW1Cb3R0b20lMjAlM0QlMjBlbGVtVG9wJTIwJTJCJTIwJTI0JTI4ZWxlbSUyOS5oZWlnaHQlMjglMjklM0IlMEElMEElMjAlMjAlMjAlMjByZXR1cm4lMjAlMjglMjhlbGVtQm90dG9tJTIwJTNDJTNEJTIwZG9jVmlld0JvdHRvbSUyOSUyMCUyNiUyNiUyMCUyOGVsZW1Ub3AlMjAlM0UlM0QlMjBkb2NWaWV3VG9wJTI5JTI5JTNCJTBBJTdEJTBBJTBBZnVuY3Rpb24lMjB0ZXN0U2Nyb2xsJTI4JTI5JTIwJTdCJTBBJTIwJTIwaWYlMjAlMjhpc1Njcm9sbGVkSW50b1ZpZXclMjglMjQlMjglMjIubnVtYmVycyUyMiUyOSUyOSUyMCUyNiUyNiUyMCUyMXZpZXdlZCUyOSUyMCU3QiUwQSUyMCUyMCUyMCUyMCUyMCUyMHZpZXdlZCUyMCUzRCUyMHRydWUlM0IlMEElMjAlMjAlMjAlMjAlMjAlMjAlMjQlMjglMjcudmFsdWUlMjclMjkuZWFjaCUyOGZ1bmN0aW9uJTIwJTI4JTI5JTIwJTdCJTBBJTIwJTIwJTIwJTIwJTIwJTIwJTI0JTI4dGhpcyUyOS5wcm9wJTI4JTI3Q291bnRlciUyNyUyQzAlMjkuYW5pbWF0ZSUyOCU3QiUwQSUyMCUyMCUyMCUyMCUyMCUyMCUyMCUyMCUyMCUyMENvdW50ZXIlM0ElMjAlMjQlMjh0aGlzJTI5LnRleHQlMjglMjklMEElMjAlMjAlMjAlMjAlMjAlMjAlN0QlMkMlMjAlN0IlMEElMjAlMjAlMjAlMjAlMjAlMjAlMjAlMjAlMjAlMjBkdXJhdGlvbiUzQSUyMDIwMDAlMkMlMEElMjAlMjAlMjAlMjAlMjAlMjAlMjAlMjAlMjAlMjBlYXNpbmclM0ElMjAlMjdzd2luZyUyNyUyQyUwQSUyMCUyMCUyMCUyMCUyMCUyMCUyMCUyMCUyMCUyMHN0ZXAlM0ElMjBmdW5jdGlvbiUyMCUyOG5vdyUyOSUyMCU3QiUwQSUyMCUyMCUyMCUyMCUyMCUyMCUyMCUyMCUyMCUyMCUyMCUyMCUyMCUyMCUyNCUyOHRoaXMlMjkudGV4dCUyOE1hdGguY2VpbCUyOG5vdyUyOSUyOSUzQiUwQSUyMCUyMCUyMCUyMCUyMCUyMCUyMCUyMCUyMCUyMCU3RCUwQSUyMCUyMCUyMCUyMCUyMCUyMCU3RCUyOSUzQiUwQSUyMCUyMCUyMCUyMCU3RCUyOSUzQiUwQSUyMCUyMCU3RCUwQSU3RCUwQSUzQyUyRnNjcmlwdCUzRQ==[\/vc_raw_js][\/vc_column_inner][vc_column_inner width=\u00a0\u00bb1\/3&Prime;]<div class=\"fjet-module-container image-texte-module  \">\n    <div class=\"container\">\n        <div class=\"row\">\n            <div class=\"col-12\">\n    <div class=\"content-img\" >\n            <\/div>\n    <div class=\"content-txt\"  >\n                        <\/p>\n<section class=\"numbers\">\n<h1 style=\"text-align: center;\"><span class=\"value\">1900000<\/span>$<\/h1>\n<h5 style=\"text-align: center;\">investis dans la cause cette ann\u00e9e<\/h5>\n<\/section>\n<p>\n            <\/div>\n            <\/div>\n        <\/div>\n    <\/div>\n<\/div>[\/vc_column_inner][vc_column_inner width=\u00a0\u00bb1\/3&Prime;]<div class=\"fjet-module-container image-texte-module  \">\n    <div class=\"container\">\n        <div class=\"row\">\n            <div class=\"col-12\">\n    <div class=\"content-img\" >\n            <\/div>\n    <div class=\"content-txt\"  >\n                        <\/p>\n<section class=\"numbers\">\n<h1 style=\"text-align: center;\"><span class=\"value\">17<\/span><\/h1>\n<h5 style=\"text-align: center;\">r\u00e9gions sur 17 visit\u00e9es<\/h5>\n<\/section>\n<p>\n            <\/div>\n            <\/div>\n        <\/div>\n    <\/div>\n<\/div>[\/vc_column_inner][\/vc_row_inner]                    <\/div>\n                <\/div>\n            <\/div>\n        <\/div>\n        <\/div>\n[\/vc_column][\/vc_row][vc_row full_width=\u00a0\u00bbstretch_row_content_no_spaces\u00a0\u00bb disable_element=\u00a0\u00bbyes\u00a0\u00bb][vc_column][vc_row_inner el_class=\u00a0\u00bbdesktop-only\u00a0\u00bb][vc_column_inner]<div class=\"module-don fjet-module-container module-without-overflow module-boite-outils bg-color module-bg-color-rose\">\n        <div class=\"container\">\n        <div class=\"row\">\n            <div class=\"col-12\">\n                <div class=\"boite-don module-shadow module-radius\">\n                    <div class=\"row align-items-center\">\n                        <div class=\"col-lg-7\">\n                            <div class=\"img-don\" style=\"background-image: url('https:\/\/fondationjeunesentete.tor1.digitaloceanspaces.com\/2020\/06\/group-646.jpg')\">\n                                <!--                                <img decoding=\"async\" src=\"--><!--_exemples\/image-don.jpg\" alt=\"nom de l'image\" class=\"img-fluid\">-->\n                            <\/div>\n                        <\/div>\n                        <div class=\"col-lg-5\">\n                            <div class=\"boite-don-txt\">\n                                <h4>Faire un don<\/h4>                                <div class=\"choix-1\">\n                                    <button class=\"btn btn-simple-border btn-unique js-btn-select-type active\" data-type=\"unique\">Don unique<\/button>\n                                    <button class=\"btn btn-simple-border btn-mensuel js-btn-select-type\" data-type=\"mensuel\" >Don mensuel<\/button>\n                                    <p class=\"p-medium\">Montrez votre soutien, allons-y par mois!<\/p>                                <\/div>\n                                <div class=\"choix-montants\">\n                                    <div class=\"ligne\">\n                                        <button class=\"btn btn-simple-border btn-montant js-btn-select-montant\" data-link-mensuel=\"https:\/\/www.jedonneenligne.org\/fondationfjet\/SITEWEBDM1\/\" data-link-unique=\"https:\/\/www.jedonneenligne.org\/fondationfjet\/SITEWEBDU1\/\">20$<\/button>\n                                        <button class=\"btn btn-simple-border btn-montant js-btn-select-montant\" data-link-mensuel=\"https:\/\/www.jedonneenligne.org\/fondationfjet\/SITEWEBDM2\/\" data-link-unique=\"https:\/\/www.jedonneenligne.org\/fondationfjet\/SITEWEBDU2\/\">50$<\/button>\n                                        <button class=\"btn btn-simple-border btn-montant js-btn-select-montant\" data-link-mensuel=\"https:\/\/www.jedonneenligne.org\/fondationfjet\/SITEWEBDM3\/\" data-link-unique=\"https:\/\/www.jedonneenligne.org\/fondationfjet\/SITEWEBDU3\/\">100$<\/button>\n                                    <\/div>\n                                    <div class=\"ligne\">\n                                        <button class=\"btn btn-simple-border btn-montant js-btn-select-montant\" data-link-mensuel=\"https:\/\/www.jedonneenligne.org\/fondationfjet\/SITEWEBDM4\/\" data-link-unique=\"https:\/\/www.jedonneenligne.org\/fondationfjet\/SITEWEBDU4\/\">200$<\/button>\n                                        <button class=\"btn btn-simple-border btn-person js-btn-select-montant\" data-link-mensuel=\"https:\/\/www.jedonneenligne.org\/fondationfjet\/SITEWEBDM5\/\" data-link-unique=\"https:\/\/www.jedonneenligne.org\/fondationfjet\/SITEWEBDU5\/\">Personnalis\u00e9<\/button>\n                                    <\/div>\n                                <\/div>\n                                <a href=\"javascript:;\" class=\"btn btn-primary btn-submit disabled\" target=\"_blank\">J'envoie mon don<\/a>\n                            <\/div>\n                        <\/div>\n                    <\/div>\n                <\/div>\n            <\/div>\n        <\/div>\n    <\/div>\n<\/div>[\/vc_column_inner][\/vc_row_inner][vc_row_inner el_class=\u00a0\u00bbmobile-only\u00a0\u00bb][vc_column_inner]<div class=\"module-don fjet-module-container module-without-overflow module-boite-outils bg-color module-bg-color-rose\">\n        <div class=\"container\">\n        <div class=\"row\">\n            <div class=\"col-12\">\n                <div class=\"boite-don module-shadow module-radius\">\n                    <div class=\"row align-items-center\">\n                        <div class=\"col-lg-7\">\n                            <div class=\"img-don\" style=\"background-image: url('https:\/\/fondationjeunesentete.tor1.digitaloceanspaces.com\/2020\/06\/group-783.jpg')\">\n                                <!--                                <img decoding=\"async\" src=\"--><!--_exemples\/image-don.jpg\" alt=\"nom de l'image\" class=\"img-fluid\">-->\n                            <\/div>\n                        <\/div>\n                        <div class=\"col-lg-5\">\n                            <div class=\"boite-don-txt\">\n                                <h4>Faire un don<\/h4>                                <div class=\"choix-1\">\n                                    <button class=\"btn btn-simple-border btn-unique js-btn-select-type active\" data-type=\"unique\">Don unique<\/button>\n                                    <button class=\"btn btn-simple-border btn-mensuel js-btn-select-type\" data-type=\"mensuel\" >Don mensuel<\/button>\n                                    <p class=\"p-medium\">Montrez votre soutien, allons-y par mois!<\/p>                                <\/div>\n                                <div class=\"choix-montants\">\n                                    <div class=\"ligne\">\n                                        <button class=\"btn btn-simple-border btn-montant js-btn-select-montant\" data-link-mensuel=\"https:\/\/www.jedonneenligne.org\/fondationfjet\/SITEWEBDM1\/\" data-link-unique=\"https:\/\/www.jedonneenligne.org\/fondationfjet\/SITEWEBDU1\/\">20$<\/button>\n                                        <button class=\"btn btn-simple-border btn-montant js-btn-select-montant\" data-link-mensuel=\"https:\/\/www.jedonneenligne.org\/fondationfjet\/SITEWEBDM2\/\" data-link-unique=\"https:\/\/www.jedonneenligne.org\/fondationfjet\/SITEWEBDU2\/\">50$<\/button>\n                                        <button class=\"btn btn-simple-border btn-montant js-btn-select-montant\" data-link-mensuel=\"https:\/\/www.jedonneenligne.org\/fondationfjet\/SITEWEBDM3\/\" data-link-unique=\"https:\/\/www.jedonneenligne.org\/fondationfjet\/SITEWEBDU3\/\">100$<\/button>\n                                    <\/div>\n                                    <div class=\"ligne\">\n                                        <button class=\"btn btn-simple-border btn-montant js-btn-select-montant\" data-link-mensuel=\"https:\/\/www.jedonneenligne.org\/fondationfjet\/SITEWEBDM4\/\" data-link-unique=\"https:\/\/www.jedonneenligne.org\/fondationfjet\/SITEWEBDU4\/\">200$<\/button>\n                                        <button class=\"btn btn-simple-border btn-person js-btn-select-montant\" data-link-mensuel=\"https:\/\/www.jedonneenligne.org\/fondationfjet\/SITEWEBDM5\/\" data-link-unique=\"https:\/\/www.jedonneenligne.org\/fondationfjet\/SITEWEBDU5\/\">Personnalis\u00e9<\/button>\n                                    <\/div>\n                                <\/div>\n                                <a href=\"javascript:;\" class=\"btn btn-primary btn-submit disabled\" target=\"_blank\">J'envoie mon don<\/a>\n                            <\/div>\n                        <\/div>\n                    <\/div>\n                <\/div>\n            <\/div>\n        <\/div>\n    <\/div>\n<\/div>[\/vc_column_inner][\/vc_row_inner][\/vc_column][\/vc_row][vc_row full_width=\u00a0\u00bbstretch_row_content_no_spaces\u00a0\u00bb][vc_column css=\u00a0\u00bb.vc_custom_1592402941789{margin-top: 40px !important;}\u00a0\u00bb]<div class=\"  \" data-aos=\"fade-up\" data-aos-offset=\"200\" data-aos-delay=\"200\" data-aos-duration=\"400\" data-aos-easing=\"ease\" data-aos-once=\"true\" ><div class=\"module-2-col-txt-img fjet-module-container module-with-overflow bg-color module-bg-color-blanc  \">\n    <!-- decoration-box * pour mettre une deco en fond s'il y a lieu   -->\n        <div class=\"container\">\n        <div class=\"row align-items-center\">\n            <div class=\"order-1 order-lg-2 col-lg-6 offset-lg-1\">\n                                    <div class=\"content-img overflow-container\">\n                        <div class=\"img-radius-8\">\n                            <img decoding=\"async\" src=\"https:\/\/fondationjeunesentete.tor1.digitaloceanspaces.com\/2025\/10\/evenements.jpg\" alt=\"Agir sur le bien-\u00eatre et la sant\u00e9 mentale de nos jeunes\" class=\"img-fluid\">\n                        <\/div>\n                    <\/div>\n                            <\/div>\n            <div class=\"order-2 order-lg-1 col-lg-5\">\n                <div class=\"content-txt\">\n                    <h5 class=\"text-color-bleu\">\u00c9v\u00e9nements-b\u00e9n\u00e9fices<\/h5>                    <h3 class=\"text-color-bleu \">Agir sur le bien-\u00eatre et la sant\u00e9 mentale de nos jeunes<\/h3>                    <\/p>\n<p class=\"lead\" style=\"text-align: left;\">Comme nos 6\u00a0100\u00a0alli\u00e9\u00b7es extraordinaires, contribuez \u00e0 notre mission en participant \u00e0 nos \u00e9v\u00e9nements tels que le Bal de la Saint-Valentin, le Tournoi de golf ou le Bal du maire de Qu\u00e9bec.<\/p>\n<p>\n                                            <a class=\"btn btn-link data-gtm-trigger\" \n                            href=\"https:\/\/fondationjeunesentete.org\/evenements-benefice\/evenements-de-la-fondation\/\"\n                            title=\"Event\"\n                            target=\"\"\n                            data-gtm-event=\"Download\" \n                            data-gtm-event-category=\"Opportunity\" \n                            data-gtm-event-action=\"Download\" \n                            data-gtm-event-label=\"Event\" \n                            data-gtm-download-category=\"Inscription\">\n                            <span>En savoir plus<\/span>\n                        <\/a>\n                                    <\/div>\n            <\/div>\n        <\/div>\n    <\/div>\n<\/div><\/div>[vc_empty_space height=\u00a0\u00bb62px\u00a0\u00bb][\/vc_column][\/vc_row][vc_row full_width=\u00a0\u00bbstretch_row_content_no_spaces\u00a0\u00bb disable_element=\u00a0\u00bbyes\u00a0\u00bb][vc_column]<div class=\"fjet-module-container module-texte-centre  module-without-overflow    \">\n        <div class=\"bg-img\" style=\"background-image: url('https:\/\/fondationjeunesentete.tor1.digitaloceanspaces.com\/2020\/06\/fjet-event2-ban-1.jpg')\">        <div class=\"container\">\n        <div class=\"row\">\n            <div class=\"col-12 text-center\">\n                <div class=\"content-txt\">\n                                        <h2 class=\"text-color- \">\u00c9V\u00c9NEMENTS-B\u00c9N\u00c9FICES<\/h2>                    <\/p>\n<p class=\"lead\" style=\"text-align: center;\">Comme nos 6\u00a0100\u00a0alli\u00e9\u00b7es extraordinaires, contribuez \u00e0 notre mission en participant \u00e0 nos \u00e9v\u00e9nements tels que le Bal de la Saint-Valentin, le Tournoi de golf ou le Bal du maire de Qu\u00e9bec.<\/p>\n<p>\n                                            <a class=\"btn btn-primary\" href=\"https:\/\/fondationjeunesentete.org\/evenements-benefice\/\" title=\"\u00c9v\u00e9nements-b\u00e9n\u00e9fice\" target=\"\"><span>En savoir plus<\/span><\/a>\n                                    <\/div>\n            <\/div>\n        <\/div>\n    <\/div>\n    <\/div><\/div>[\/vc_column][\/vc_row][vc_row full_width=\u00a0\u00bbstretch_row\u00a0\u00bb css=\u00a0\u00bb.vc_custom_1592329490440{background-color: #23b9fa !important;}\u00a0\u00bb][vc_column width=\u00a0\u00bb1\/2&Prime;]<div class=\"  \" data-aos=\"fade-up\" data-aos-offset=\"-100\" data-aos-duration=\"200\" data-aos-easing=\"ease\" data-aos-once=\"true\" ><div class=\"fjet-module-container module-texte-centre-overflow  module-with-overflow bg-color module-bg-color-bleu \">\n    <div class=\"container \">\n        <div class=\"row\">\n            <div class=\"col-12 text-center\">\n                <div class=\"decoration-box desktop\" style=\"background-image: url('https:\/\/fondationjeunesentete.tor1.digitaloceanspaces.com\/2020\/06\/svg-box-left-2.svg')\"><\/div><div class=\"decoration-box mobile\" style=\"background-image: url('https:\/\/fondationjeunesentete.tor1.digitaloceanspaces.com\/2020\/06\/svg-box-left-mb-1.svg')\"><\/div>\n                <div class=\"overflow-container module-box bg-color module-bg-color-vert module-radius module-shadow \">\n                                            <div class=\"content-txt\">\n                                                                                        <h2 class=\"text-color- \">Trousse familles<\/h2>                            <\/p>\n<p class=\"p1\"><span class=\"s1\">Des articles, des vid\u00e9os, des balados et des fiches p\u00e9dagogiques pour vous aider \u00e0 faire face \u00e0 la d\u00e9tresse psychologique de vos jeunes.<\/span><\/p>\n<p>\n                                                            <a class=\"btn btn-primary\" href=\"http:\/\/fondationjeunesentete.org\/trousse-adultes\/\" title=\"Trousse Familles\" target=\"\"><span>En savoir plus<\/span><\/a>\n                                                    <\/div>\n                                        <\/div>\n            <\/div>\n        <\/div>\n    <\/div>\n<\/div><\/div>[\/vc_column][vc_column width=\u00a0\u00bb1\/2&Prime;]<div class=\"  \" data-aos=\"fade-up\" data-aos-offset=\"-100\" data-aos-duration=\"200\" data-aos-easing=\"ease\" data-aos-once=\"true\" ><div class=\"fjet-module-container module-texte-centre-overflow  module-with-overflow bg-color module-bg-color-bleu \">\n    <div class=\"container \">\n        <div class=\"row\">\n            <div class=\"col-12 text-center\">\n                <div class=\"decoration-box desktop\" style=\"background-image: url('https:\/\/fondationjeunesentete.tor1.digitaloceanspaces.com\/2020\/06\/svg-box-right-1.svg')\"><\/div><div class=\"decoration-box mobile\" style=\"background-image: url('https:\/\/fondationjeunesentete.tor1.digitaloceanspaces.com\/2020\/06\/svg-box-right-mb-1.svg')\"><\/div>\n                <div class=\"overflow-container module-box bg-color module-bg-color-jaune module-radius module-shadow \">\n                                            <div class=\"content-txt\">\n                                                                                        <h2 class=\"text-color- \">Trousse jeunes<\/h2>                            <\/p>\n<p class=\"p1\"><span class=\"s1\">Des articles, des t\u00e9moignages, des vid\u00e9os et des quizz pour aider les jeunes \u00e0 mieux comprendre la d\u00e9tresse psychologique <\/span><span class=\"s1\">et \u00e0 la pr\u00e9venir.<\/span><\/p>\n<p>\n                                                            <a class=\"btn btn-primary\" href=\"http:\/\/fondationjeunesentete.org\/trousse-jeunes\/\" title=\"Trousse Jeunes\" target=\"\"><span>En savoir plus<\/span><\/a>\n                                                    <\/div>\n                                        <\/div>\n            <\/div>\n        <\/div>\n    <\/div>\n<\/div><\/div>[\/vc_column][\/vc_row][vc_row full_width=\u00a0\u00bbstretch_row_content_no_spaces\u00a0\u00bb][vc_column el_class=\u00a0\u00bbquestions-hp\u00a0\u00bb][vc_row_inner el_class=\u00a0\u00bbdesktop-only\u00a0\u00bb][vc_column_inner]<div class=\"fjet-module-container module-redirection bg-color  module-without-overflow  module-bg-color-bleu color-inverse\">\n        <div class=\"container\">\n        <div class=\"row align-items-center\">\n            <div class=\"col-lg-5 col-xxl-4\">\n                                <div class=\"title-box\">\n                    <h2 class=\"text-color- title-outline-blanc\">R\u00e9ponses \u00e0 vos questions<\/h2>\n                <\/div>\n                                            <\/div>\n            <div class=\"col-lg-6 offset-lg-1 offset-xxl-2\">\n                <div class=\"content-txt\"><\/p>\n<ol>\n<li><a href=\"\/nos-actions\/\">Comment organiser un atelier dans mon \u00e9cole?<\/a><\/li>\n<li><a href=\"\/organiser-une-collecte-de-fonds\/\">Comment organiser une collecte de fonds pour la Fondation?<\/a><\/li>\n<li><a href=\"\/nos-outils\/\">\u00c0 qui m\u2019adresser si je vais mal ou un si proche va mal?<\/a><\/li>\n<li><a href=\"\/trousse-jeunes\/\"><span class=\"s1\">Comment savoir si je suis en d\u00e9tresse psychologique? <\/span><\/a><\/li>\n<\/ol>\n<p>\n                                    <\/div>\n            <\/div>\n        <\/div>\n    <\/div>\n<\/div>[\/vc_column_inner][\/vc_row_inner][vc_row_inner el_class=\u00a0\u00bbmobile-only\u00a0\u00bb][vc_column_inner]<div class=\"fjet-module-container module-redirection bg-color  module-without-overflow  module-bg-color-bleu color-inverse\">\n        <div class=\"container\">\n        <div class=\"row align-items-center\">\n            <div class=\"col-lg-5 col-xxl-4\">\n                                <div class=\"title-box\">\n                    <h2 class=\"text-color- title-outline-blanc\">R\u00e9ponses \u00e0 vos questions<\/h2>\n                <\/div>\n                                            <\/div>\n            <div class=\"col-lg-6 offset-lg-1 offset-xxl-2\">\n                <div class=\"content-txt\"><\/p>\n<ul>\n<li><a href=\"\/nos-actions\/\">Comment organiser un atelier ?<\/a><\/li>\n<li><a href=\"\/organiser-une-collecte-de-fonds\/\">Comment organiser une collecte de fonds ?<\/a><\/li>\n<li><a href=\"\/nos-outils\/\">\u00c0 qui m\u2019adresser si je vais mal ?<\/a><\/li>\n<li><a href=\"\/nos-outils\/\">Ou un si proche va mal ?<\/a><\/li>\n<li><a href=\"\/trousse-jeunes\/\">Suis-je en d\u00e9tresse psychologique ?<\/a><\/li>\n<\/ul>\n<p>\n                                    <\/div>\n            <\/div>\n        <\/div>\n    <\/div>\n<\/div>[\/vc_column_inner][\/vc_row_inner][\/vc_column][\/vc_row][vc_row full_width=\u00a0\u00bbstretch_row_content_no_spaces\u00a0\u00bb][vc_column el_id=\u00a0\u00bbinfolettre\u00a0\u00bb][vc_row_inner][vc_column_inner]<div class=\"fjet-module-container module-image module-with-overflow matchHeight  mobile-only\">\n    <!-- Image au centre dans le container en position BACK -->\n    <div class=\"container-fluid no-gutters p-0 \">\n        <div class=\"row\">\n            <div class=\"col-12\">\n                <div class=\"img-container overflow-container\">\n                                    <img decoding=\"async\" src=\"https:\/\/fondationjeunesentete.tor1.digitaloceanspaces.com\/2020\/05\/fjet_footer-bg-mbl.jpg\" alt=\"\" class=\"img-fluid\">\n                                <\/div>\n            <\/div>\n        <\/div>\n    <\/div>\n<\/div>[\/vc_column_inner][\/vc_row_inner][vc_row_inner el_class=\u00a0\u00bbdesktop-only\u00a0\u00bb][vc_column_inner el_id=\u00a0\u00bbinfolettre\u00a0\u00bb]<div class=\"fjet-module-container module-image module-with-overflow matchHeight  desktop-only\">\n    <!-- Image au centre dans le container en position BACK -->\n    <div class=\"container-fluid no-gutters p-0 \">\n        <div class=\"row\">\n            <div class=\"col-12\">\n                <div class=\"img-container overflow-container\">\n                                    <img decoding=\"async\" src=\"https:\/\/fondationjeunesentete.tor1.digitaloceanspaces.com\/2020\/05\/fjet_footer-bg.jpg\" alt=\"\" class=\"img-fluid\">\n                                <\/div>\n            <\/div>\n        <\/div>\n    <\/div>\n<\/div>[\/vc_column_inner][\/vc_row_inner][\/vc_column][\/vc_row]<\/p>\n<\/div>","protected":false},"excerpt":{"rendered":"<p>[vc_row full_width=\u00a0\u00bbstretch_row_content_no_spaces\u00a0\u00bb][vc_column][\/vc_column][\/vc_row][vc_row full_width=\u00a0\u00bbstretch_row_content_no_spaces\u00a0\u00bb][vc_column][\/vc_column][\/vc_row][vc_row][vc_column][\/vc_column][\/vc_row][vc_row full_width=\u00a0\u00bbstretch_row_content_no_spaces\u00a0\u00bb][vc_column][vc_empty_space height=\u00a0\u00bb60px\u00a0\u00bb][\/vc_column][\/vc_row][vc_row full_width=\u00a0\u00bbstretch_row_content_no_spaces\u00a0\u00bb disable_element=\u00a0\u00bbyes\u00a0\u00bb][vc_column][\/vc_column][\/vc_row][vc_row full_width=\u00a0\u00bbstretch_row_content_no_spaces\u00a0\u00bb][vc_column css=\u00a0\u00bb.vc_custom_1592402941789{margin-top: 40px !important;}\u00a0\u00bb][\/vc_column][\/vc_row][vc_row full_width=\u00a0\u00bbstretch_row_content_no_spaces\u00a0\u00bb][vc_column][\/vc_column][\/vc_row][vc_row full_width=\u00a0\u00bbstretch_row_content_no_spaces\u00a0\u00bb][vc_column][\/vc_column][\/vc_row][vc_row full_width=\u00a0\u00bbstretch_row_content_no_spaces\u00a0\u00bb disable_element=\u00a0\u00bbyes\u00a0\u00bb][vc_column][vc_row_inner el_class=\u00a0\u00bbdesktop-only\u00a0\u00bb][vc_column_inner][\/vc_column_inner][\/vc_row_inner][vc_row_inner el_class=\u00a0\u00bbmobile-only\u00a0\u00bb][vc_column_inner][\/vc_column_inner][\/vc_row_inner][\/vc_column][\/vc_row][vc_row full_width=\u00a0\u00bbstretch_row_content_no_spaces\u00a0\u00bb][vc_column css=\u00a0\u00bb.vc_custom_1592402941789{margin-top: 40px !important;}\u00a0\u00bb][vc_empty_space height=\u00a0\u00bb62px\u00a0\u00bb][\/vc_column][\/vc_row][vc_row full_width=\u00a0\u00bbstretch_row_content_no_spaces\u00a0\u00bb disable_element=\u00a0\u00bbyes\u00a0\u00bb][vc_column][\/vc_column][\/vc_row][vc_row full_width=\u00a0\u00bbstretch_row\u00a0\u00bb css=\u00a0\u00bb.vc_custom_1592329490440{background-color: #23b9fa !important;}\u00a0\u00bb][vc_column width=\u00a0\u00bb1\/2&Prime;][\/vc_column][vc_column width=\u00a0\u00bb1\/2&Prime;][\/vc_column][\/vc_row][vc_row full_width=\u00a0\u00bbstretch_row_content_no_spaces\u00a0\u00bb][vc_column el_class=\u00a0\u00bbquestions-hp\u00a0\u00bb][vc_row_inner el_class=\u00a0\u00bbdesktop-only\u00a0\u00bb][vc_column_inner][\/vc_column_inner][\/vc_row_inner][vc_row_inner el_class=\u00a0\u00bbmobile-only\u00a0\u00bb][vc_column_inner][\/vc_column_inner][\/vc_row_inner][\/vc_column][\/vc_row][vc_row full_width=\u00a0\u00bbstretch_row_content_no_spaces\u00a0\u00bb][vc_column el_id=\u00a0\u00bbinfolettre\u00a0\u00bb][vc_row_inner][vc_column_inner][\/vc_column_inner][\/vc_row_inner][vc_row_inner el_class=\u00a0\u00bbdesktop-only\u00a0\u00bb][vc_column_inner el_id=\u00a0\u00bbinfolettre\u00a0\u00bb][\/vc_column_inner][\/vc_row_inner][\/vc_column][\/vc_row]<\/p>\n","protected":false},"author":1,"featured_media":1862,"parent":0,"menu_order":0,"comment_status":"closed","ping_status":"closed","template":"","meta":{"_acf_changed":false,"inline_featured_image":false,"footnotes":""},"class_list":["post-7","page","type-page","status-publish","has-post-thumbnail","hentry"],"acf":[],"yoast_head":"<!-- This site is optimized with the Yoast SEO plugin v26.8 - https:\/\/yoast.com\/product\/yoast-seo-wordpress\/ -->\n<title>Une fondation pour la jeunesse | Fondation Jeunes En T\u00eate<\/title>\n<meta name=\"description\" content=\"La Fondation Jeunes en T\u00eate se mobilise pour pr\u00e9venir la d\u00e9tresse psychologique chez les jeunes de 11 \u00e0 18\u00a0ans partout au Qu\u00e9bec.\" \/>\n<meta name=\"robots\" content=\"index, follow, max-snippet:-1, max-image-preview:large, max-video-preview:-1\" \/>\n<link rel=\"canonical\" href=\"https:\/\/fondationjeunesentete.org\/\" \/>\n<meta property=\"og:locale\" content=\"fr_FR\" \/>\n<meta property=\"og:type\" content=\"article\" \/>\n<meta property=\"og:title\" content=\"Une fondation pour la jeunesse | Fondation Jeunes En T\u00eate\" \/>\n<meta property=\"og:description\" content=\"Depuis plus de 60 ans, la Fondation Jeunes en T\u00eate se mobilise pour pr\u00e9venir la d\u00e9tresse psychologique chez les jeunes de 11 \u00e0 18\u00a0ans.\" \/>\n<meta property=\"og:url\" content=\"https:\/\/fondationjeunesentete.org\/\" \/>\n<meta property=\"og:site_name\" content=\"Fondation Jeunes en T\u00eate\" \/>\n<meta property=\"article:modified_time\" content=\"2026-02-13T17:37:38+00:00\" \/>\n<meta property=\"og:image\" content=\"https:\/\/fondationjeunesentete.tor1.digitaloceanspaces.com\/2020\/06\/fjet_hero_group-teens1sm.jpg\" \/>\n\t<meta property=\"og:image:width\" content=\"2400\" \/>\n\t<meta property=\"og:image:height\" content=\"1200\" \/>\n\t<meta property=\"og:image:type\" content=\"image\/jpeg\" \/>\n<meta name=\"twitter:card\" content=\"summary_large_image\" \/>\n<meta name=\"twitter:title\" content=\"Une fondation pour la jeunesse | Fondation Jeunes En T\u00eate\" \/>\n<meta name=\"twitter:description\" content=\"Depuis plus de 60 ans, la Fondation Jeunes en T\u00eate se mobilise pour pr\u00e9venir la d\u00e9tresse psychologique chez les jeunes de 11 \u00e0 18\u00a0ans.\" \/>\n<meta name=\"twitter:image\" content=\"https:\/\/fondationjeunesentete.tor1.digitaloceanspaces.com\/2020\/06\/fjet_hero_group-teens1sm.jpg\" \/>\n<meta name=\"twitter:label1\" content=\"Dur\u00e9e de lecture estim\u00e9e\" \/>\n\t<meta name=\"twitter:data1\" content=\"13 minutes\" \/>\n<script type=\"application\/ld+json\" class=\"yoast-schema-graph\">{\"@context\":\"https:\/\/schema.org\",\"@graph\":[{\"@type\":\"WebPage\",\"@id\":\"https:\/\/fondationjeunesentete.org\/\",\"url\":\"https:\/\/fondationjeunesentete.org\/\",\"name\":\"Une fondation pour la jeunesse | Fondation Jeunes En T\u00eate\",\"isPartOf\":{\"@id\":\"https:\/\/fondationjeunesentete.org\/#website\"},\"primaryImageOfPage\":{\"@id\":\"https:\/\/fondationjeunesentete.org\/#primaryimage\"},\"image\":{\"@id\":\"https:\/\/fondationjeunesentete.org\/#primaryimage\"},\"thumbnailUrl\":\"https:\/\/fondationjeunesentete.tor1.digitaloceanspaces.com\/2020\/06\/fjet_hero_group-teens1sm.jpg\",\"datePublished\":\"2020-08-31T18:27:26+00:00\",\"dateModified\":\"2026-02-13T17:37:38+00:00\",\"description\":\"La Fondation Jeunes en T\u00eate se mobilise pour pr\u00e9venir la d\u00e9tresse psychologique chez les jeunes de 11 \u00e0 18\u00a0ans partout au Qu\u00e9bec.\",\"breadcrumb\":{\"@id\":\"https:\/\/fondationjeunesentete.org\/#breadcrumb\"},\"inLanguage\":\"fr-FR\",\"potentialAction\":[{\"@type\":\"ReadAction\",\"target\":[\"https:\/\/fondationjeunesentete.org\/\"]}]},{\"@type\":\"ImageObject\",\"inLanguage\":\"fr-FR\",\"@id\":\"https:\/\/fondationjeunesentete.org\/#primaryimage\",\"url\":\"https:\/\/fondationjeunesentete.tor1.digitaloceanspaces.com\/2020\/06\/fjet_hero_group-teens1sm.jpg\",\"contentUrl\":\"https:\/\/fondationjeunesentete.tor1.digitaloceanspaces.com\/2020\/06\/fjet_hero_group-teens1sm.jpg\",\"width\":2400,\"height\":1200},{\"@type\":\"BreadcrumbList\",\"@id\":\"https:\/\/fondationjeunesentete.org\/#breadcrumb\",\"itemListElement\":[{\"@type\":\"ListItem\",\"position\":1,\"name\":\"Home\",\"item\":\"https:\/\/fondationjeunesentete.org\/\"},{\"@type\":\"ListItem\",\"position\":2,\"name\":\"Accueil\"}]},{\"@type\":\"WebSite\",\"@id\":\"https:\/\/fondationjeunesentete.org\/#website\",\"url\":\"https:\/\/fondationjeunesentete.org\/\",\"name\":\"Fondation Jeunes en T\u00eate\",\"description\":\"Agissons pour le bien-\u00eatre des jeunes\",\"potentialAction\":[{\"@type\":\"SearchAction\",\"target\":{\"@type\":\"EntryPoint\",\"urlTemplate\":\"https:\/\/fondationjeunesentete.org\/?s={search_term_string}\"},\"query-input\":{\"@type\":\"PropertyValueSpecification\",\"valueRequired\":true,\"valueName\":\"search_term_string\"}}],\"inLanguage\":\"fr-FR\"}]}<\/script>\n<!-- \/ Yoast SEO plugin. -->","yoast_head_json":{"title":"Une fondation pour la jeunesse | Fondation Jeunes En T\u00eate","description":"La Fondation Jeunes en T\u00eate se mobilise pour pr\u00e9venir la d\u00e9tresse psychologique chez les jeunes de 11 \u00e0 18\u00a0ans partout au Qu\u00e9bec.","robots":{"index":"index","follow":"follow","max-snippet":"max-snippet:-1","max-image-preview":"max-image-preview:large","max-video-preview":"max-video-preview:-1"},"canonical":"https:\/\/fondationjeunesentete.org\/","og_locale":"fr_FR","og_type":"article","og_title":"Une fondation pour la jeunesse | Fondation Jeunes En T\u00eate","og_description":"Depuis plus de 60 ans, la Fondation Jeunes en T\u00eate se mobilise pour pr\u00e9venir la d\u00e9tresse psychologique chez les jeunes de 11 \u00e0 18\u00a0ans.","og_url":"https:\/\/fondationjeunesentete.org\/","og_site_name":"Fondation Jeunes en T\u00eate","article_modified_time":"2026-02-13T17:37:38+00:00","og_image":[{"width":2400,"height":1200,"url":"https:\/\/fondationjeunesentete.tor1.digitaloceanspaces.com\/2020\/06\/fjet_hero_group-teens1sm.jpg","type":"image\/jpeg"}],"twitter_card":"summary_large_image","twitter_title":"Une fondation pour la jeunesse | Fondation Jeunes En T\u00eate","twitter_description":"Depuis plus de 60 ans, la Fondation Jeunes en T\u00eate se mobilise pour pr\u00e9venir la d\u00e9tresse psychologique chez les jeunes de 11 \u00e0 18\u00a0ans.","twitter_image":"https:\/\/fondationjeunesentete.tor1.digitaloceanspaces.com\/2020\/06\/fjet_hero_group-teens1sm.jpg","twitter_misc":{"Dur\u00e9e de lecture estim\u00e9e":"13 minutes"},"schema":{"@context":"https:\/\/schema.org","@graph":[{"@type":"WebPage","@id":"https:\/\/fondationjeunesentete.org\/","url":"https:\/\/fondationjeunesentete.org\/","name":"Une fondation pour la jeunesse | Fondation Jeunes En T\u00eate","isPartOf":{"@id":"https:\/\/fondationjeunesentete.org\/#website"},"primaryImageOfPage":{"@id":"https:\/\/fondationjeunesentete.org\/#primaryimage"},"image":{"@id":"https:\/\/fondationjeunesentete.org\/#primaryimage"},"thumbnailUrl":"https:\/\/fondationjeunesentete.tor1.digitaloceanspaces.com\/2020\/06\/fjet_hero_group-teens1sm.jpg","datePublished":"2020-08-31T18:27:26+00:00","dateModified":"2026-02-13T17:37:38+00:00","description":"La Fondation Jeunes en T\u00eate se mobilise pour pr\u00e9venir la d\u00e9tresse psychologique chez les jeunes de 11 \u00e0 18\u00a0ans partout au Qu\u00e9bec.","breadcrumb":{"@id":"https:\/\/fondationjeunesentete.org\/#breadcrumb"},"inLanguage":"fr-FR","potentialAction":[{"@type":"ReadAction","target":["https:\/\/fondationjeunesentete.org\/"]}]},{"@type":"ImageObject","inLanguage":"fr-FR","@id":"https:\/\/fondationjeunesentete.org\/#primaryimage","url":"https:\/\/fondationjeunesentete.tor1.digitaloceanspaces.com\/2020\/06\/fjet_hero_group-teens1sm.jpg","contentUrl":"https:\/\/fondationjeunesentete.tor1.digitaloceanspaces.com\/2020\/06\/fjet_hero_group-teens1sm.jpg","width":2400,"height":1200},{"@type":"BreadcrumbList","@id":"https:\/\/fondationjeunesentete.org\/#breadcrumb","itemListElement":[{"@type":"ListItem","position":1,"name":"Home","item":"https:\/\/fondationjeunesentete.org\/"},{"@type":"ListItem","position":2,"name":"Accueil"}]},{"@type":"WebSite","@id":"https:\/\/fondationjeunesentete.org\/#website","url":"https:\/\/fondationjeunesentete.org\/","name":"Fondation Jeunes en T\u00eate","description":"Agissons pour le bien-\u00eatre des jeunes","potentialAction":[{"@type":"SearchAction","target":{"@type":"EntryPoint","urlTemplate":"https:\/\/fondationjeunesentete.org\/?s={search_term_string}"},"query-input":{"@type":"PropertyValueSpecification","valueRequired":true,"valueName":"search_term_string"}}],"inLanguage":"fr-FR"}]}},"_links":{"self":[{"href":"https:\/\/fondationjeunesentete.org\/wp-json\/wp\/v2\/pages\/7","targetHints":{"allow":["GET"]}}],"collection":[{"href":"https:\/\/fondationjeunesentete.org\/wp-json\/wp\/v2\/pages"}],"about":[{"href":"https:\/\/fondationjeunesentete.org\/wp-json\/wp\/v2\/types\/page"}],"author":[{"embeddable":true,"href":"https:\/\/fondationjeunesentete.org\/wp-json\/wp\/v2\/users\/1"}],"replies":[{"embeddable":true,"href":"https:\/\/fondationjeunesentete.org\/wp-json\/wp\/v2\/comments?post=7"}],"version-history":[{"count":163,"href":"https:\/\/fondationjeunesentete.org\/wp-json\/wp\/v2\/pages\/7\/revisions"}],"predecessor-version":[{"id":38650,"href":"https:\/\/fondationjeunesentete.org\/wp-json\/wp\/v2\/pages\/7\/revisions\/38650"}],"wp:featuredmedia":[{"embeddable":true,"href":"https:\/\/fondationjeunesentete.org\/wp-json\/wp\/v2\/media\/1862"}],"wp:attachment":[{"href":"https:\/\/fondationjeunesentete.org\/wp-json\/wp\/v2\/media?parent=7"}],"curies":[{"name":"wp","href":"https:\/\/api.w.org\/{rel}","templated":true}]}}