{"id":4908,"date":"2020-02-12T14:27:26","date_gmt":"2020-02-12T19:27:26","guid":{"rendered":"https:\/\/fondationjeunesentete.org\/accueil\/"},"modified":"2026-02-13T12:36:38","modified_gmt":"2026-02-13T17:36:38","slug":"accueil","status":"publish","type":"page","link":"https:\/\/fondationjeunesentete.org\/en\/","title":{"rendered":"Homepage"},"content":{"rendered":"<div class=\"wpb-content-wrapper\"><p>[vc_row full_width=&#8221;stretch_row_content_no_spaces&#8221;][vc_column]<div class=\"fjet-module-container module-without-overflow bg module-hero bg-color module-bg-color-blanc hero-home\">\n    <div class=\"bg-img-hero \" style=\"background-image: url('https:\/\/fondationjeunesentete.tor1.digitaloceanspaces.com\/2020\/06\/fjet_hero_group-teens1sm.jpg')\">                <div class=\"container\">\n                        <div class=\"row  desktop-only\">\n                <div class=\"col-xl-8\">\n                    <div class=\"content-hero content-txt  no-bt \">\n                                                <h1 class=\"text-color-blanc \">TAKING ACTION FOR THE WELL-BEING OF YOUNG PEOPLE<\/h1>                        <p class=\"lead text-color-blanc\">Through its awareness-raising programs, Youth in Mind Foundation prevents psychological distress in 11- to 18-year-olds.<\/p>\n                        <div class=\"box-btns\">\t                    \t\t\t\t\t\t<\/div>\n                    <\/div>\n                <\/div>\n            <\/div>\n        <\/div>\n    <\/div>    <div class=\"container mobile-only with-bg home-mobile\">\n        <div class=\"row row-mobile\">\n            <div class=\"col-12\">\n                <div class=\"content-txt \">\n                                        <h1 class=\"text-color-blanc \">TAKING ACTION FOR THE WELL-BEING OF YOUNG PEOPLE<\/h1>                    <p class=\"lead text-color-blanc\">Through its awareness-raising programs, Youth in Mind Foundation prevents psychological distress in 11- to 18-year-olds.<\/p>\n\t\t\t\t\t<div class=\"box-btns\">\t                \t\t\t\t\t<\/div>\n                <\/div>\n            <\/div>\n        <\/div>\n    <\/div>\n<\/div>\n[\/vc_column][\/vc_row][vc_row full_width=&#8221;stretch_row_content_no_spaces&#8221;][vc_column]<div class=\"fjet-module-container module-without-overflow module-3-blocs-cliquables bg-color module-bg-color-blanc\">\n    <div class=\"container\">\n        <div class=\"row\">\n            <div class=\"col-10 offset-1 col-md-4 offset-md-0\">\n                <div class=\"boite-cliquable marge-top\">\n                    <a href=\"https:\/\/fondationjeunesentete.org\/en\/our-actions\/\" class=\"box-link js-link\">\n                        <div class=\"boite-img bg-vert\">\n                            <div class=\"decoration-box\" style=\"background-image: url('https:\/\/fondationjeunesentete.tor1.digitaloceanspaces.com\/2020\/06\/svg-white-hp-left-1.svg')\"><\/div>\n                            <h5>OUR WORKSHOPS<\/h5>\n                        <\/div>\n                        <div class=\"text-box\">\n                            <h2>OUR WORKSHOPS<\/h2>\n                            <p class=\"p-medium\">Join hundreds of Quebec schools\u2014sign up for our free in-class workshops.<\/p>\n                            <button href=\"https:\/\/fondationjeunesentete.org\/en\/our-actions\/\" class=\"btn btn-link\"><span>OUR WORKSHOPS<\/span><\/button>\n                        <\/div>\n                    <\/a>\n                <\/div>\n            <\/div>\n            <div class=\"col-10 offset-2 col-md-4 offset-md-0\">\n                <div class=\"boite-cliquable\">\n                    <a href=\"https:\/\/fondationjeunesentete.org\/en\/our-tools\/\" class=\"box-link js-link\">\n                        <div class=\"boite-img bg-bleu\">\n                            <div class=\"decoration-box\" style=\"background-image: url('https:\/\/fondationjeunesentete.tor1.digitaloceanspaces.com\/2020\/06\/svg-white-hp-middle-1.svg')\"><\/div>\n                            <h5>THE RIGHT TOOLS<\/h5>\n                        <\/div>\n                        <div class=\"text-box\">\n                            <h2>THE RIGHT TOOLS<\/h2>\n                            <p class=\"p-medium\">Families, school staff and teens can prevent psychological distress every day.<\/p>\n                            <button href=\"https:\/\/fondationjeunesentete.org\/en\/our-tools\/\" class=\"btn btn-link\"><span>THE RIGHT TOOLS<\/span><\/button>\n                        <\/div>\n                    <\/a>\n                <\/div>\n            <\/div>\n            <div class=\"col-10 offset-1 col-md-4 offset-md-0\">\n                <div class=\"boite-cliquable marge-top\">\n                    <a href=\"https:\/\/fondationjeunesentete.org\/en\/make-a-donation\/\" class=\"box-link js-link\">\n                        <div class=\"boite-img bg-rose\">\n                            <div class=\"decoration-box\" style=\"background-image: url('https:\/\/fondationjeunesentete.tor1.digitaloceanspaces.com\/2020\/06\/svg-white-hp-right.svg')\"><\/div>\n                            <h5>MAKE A DONATION<\/h5>\n                        <\/div>\n                        <div class=\"text-box\">\n                            <h2>MAKE A DONATION<\/h2>\n                            <p class=\"p-medium\">Support our cause with a donation, and restore hope for youth.<\/p>\n                            <button href=\"https:\/\/fondationjeunesentete.org\/en\/make-a-donation\/\" class=\"btn btn-link\"><span>MAKE A DONATION<\/span><\/button>\n                        <\/div>\n                    <\/a>\n                <\/div>\n            <\/div>\n        <\/div>\n    <\/div>\n<\/div>[\/vc_column][\/vc_row][vc_row full_width=&#8221;stretch_row_content_no_spaces&#8221;][vc_column]<div class=\"fjet-module-container module-caroussel module-without-overflow  bg-color module-bg-color-jaune\">\n    <!-- decoration-box * pour mettre une deco en fond, par dessus une image s'il y a lieu   -->\n        <div class=\"container\">\n        <div class=\"row\">\n            <div class=\"col-12\">\n                <div class=\"content-txt\">\n                                                                <h2 class=\" text-color-blanc \">News<\/h2>                <\/div>\n            <\/div>\n        <\/div>\n    <\/div>\n    <div class=\"container \">\n        <div class=\"row\">\n            <div class=\"col-12\">\n                <div class=\"swiper-container theme-fjet\">\n                    <div class=\"swiper-wrapper\">\n                        <div class=\"swiper-slide item\">\n    <div class=\"carousel-color-box bg-blanc module-shadow\">\n                    <div class=\"img-box\">\n                                            <img decoding=\"async\" src=\"https:\/\/fondationjeunesentete.tor1.digitaloceanspaces.com\/2026\/02\/copie-de-visuel-actu-site-web-1.png\" alt=\"A race for kindness that pays off big time!\" class=\"img-fluid\">\n                                    <\/div>\n                    <div class=\"txt-box\">\n\t                                <h5><a href=\"https:\/\/fondationjeunesentete.org\/en\/2026\/02\/13\/750000-net-for-the-mental-health-of-quebec-teens\/\" title=\"\" target=\"_blank\">A race for kindness that pays off big time!<\/a><\/h5>\t                    <p>The\u00a0<strong>22nd edition\u00a0<\/strong>of the Youth in Mind Foundation<strong>\u00a0Valentine\u2019s Day Ball<\/strong>, with a\u00a0<strong>Grand Derby\u00a0<\/strong>theme, was a resounding success last night at Montreal\u2019s Gare Windsor.<\/p>\n                            <a class=\"btn btn-arrow\" href=\"https:\/\/fondationjeunesentete.org\/en\/2026\/02\/13\/750000-net-for-the-mental-health-of-quebec-teens\/\"\n                   title=\"\"\n                   target=\"_blank\">Learn more<\/a>\n                    <\/div>\n    <\/div>\n<\/div>\n<div class=\"swiper-slide item\">\n    <div class=\"carousel-color-box bg-blanc module-shadow\">\n                    <div class=\"img-box\">\n                                            <img decoding=\"async\" src=\"https:\/\/fondationjeunesentete.tor1.digitaloceanspaces.com\/2025\/12\/bdm25-visuel-actualite-site-web-2.jpg\" alt=\"A huge success! - 14th Bal du maire\" class=\"img-fluid\">\n                                    <\/div>\n                    <div class=\"txt-box\">\n\t                                <h5><a href=\"https:\/\/fondationjeunesentete.org\/en\/2025\/12\/06\/huge-success-14th-bal-du-maire-youth-in-mind-foundation\/\" title=\"\" target=\"_blank\">A huge success! - 14th Bal du maire<\/a><\/h5>\t                    <p>\u200bThe fundraising event was a great success, raising a total of $1,075,000. The proceeds will enable Youth in Mind Foundation to support a variety of innovative projects run by youth assistance organizations, complementing its work with young people in difficulty in the Capitale-Nationale and Eastern Qu\u00e9bec regions.<\/p>\n                            <a class=\"btn btn-arrow\" href=\"https:\/\/fondationjeunesentete.org\/en\/2025\/12\/06\/huge-success-14th-bal-du-maire-youth-in-mind-foundation\/\"\n                   title=\"\"\n                   target=\"_blank\">Learn more<\/a>\n                    <\/div>\n    <\/div>\n<\/div>\n<div class=\"swiper-slide item\">\n    <div class=\"carousel-color-box bg-blanc module-shadow\">\n                    <div class=\"img-box\">\n                                            <img decoding=\"async\" src=\"https:\/\/fondationjeunesentete.tor1.digitaloceanspaces.com\/2025\/09\/fjet-sj-thumbnail-youtube-1280x720-en-podcast-cjup.jpg\" alt=\"New podcast series - Just a Phase\" class=\"img-fluid\">\n                                    <\/div>\n                    <div class=\"txt-box\">\n\t                                <h5><a href=\"https:\/\/fondationjeunesentete.org\/en\/2025\/10\/03\/new-podcast-series-just-a-phase-fjet-gris-montreal-ensemble\/\" title=\"\" target=\"_blank\">New podcast series - Just a Phase<\/a><\/h5>\t                    <p>\u200bThe Youth in Mind Foundation is joining forces with GRIS-Montr\u00e9al and Ensemble pour le respect de la diversit\u00e9 to launch a podcast series aimed at fostering a supportive environment for queer youth and those around them.<\/p>\n                            <a class=\"btn btn-arrow\" href=\"https:\/\/fondationjeunesentete.org\/en\/2025\/10\/03\/new-podcast-series-just-a-phase-fjet-gris-montreal-ensemble\/\"\n                   title=\"\"\n                   target=\"_blank\">Learn more<\/a>\n                    <\/div>\n    <\/div>\n<\/div>\n<div class=\"swiper-slide item\">\n    <div class=\"carousel-color-box bg-blanc module-shadow\">\n                    <div class=\"img-box\">\n                                            <img decoding=\"async\" src=\"https:\/\/fondationjeunesentete.tor1.digitaloceanspaces.com\/2025\/06\/fjet-rapport-annuel-bandeau-actulaite-web-844x459-en.png\" alt=\"2024 Annual Report: A Year of Incredible Support for the Cause\" class=\"img-fluid\">\n                                    <\/div>\n                    <div class=\"txt-box\">\n\t                                <h5><a href=\"https:\/\/fondationjeunesentete.org\/en\/2025\/07\/24\/annual-report-a-year-of-incredible-support-for-the-cause\/?preview_id=35681&preview_nonce=a8f7af7383&_thumbnail_id=35691&preview=true\" title=\"\" target=\"_blank\">2024 Annual Report: A Year of Incredible Support for the Cause<\/a><\/h5>\t                    <p>The Youth in Mind Foundation is proud to present its 2024 Annual Report, highlighting the vitality and growth of an organization deeply committed to youth and their future.<\/p>\n                            <a class=\"btn btn-arrow\" href=\"https:\/\/fondationjeunesentete.org\/en\/2025\/07\/24\/annual-report-a-year-of-incredible-support-for-the-cause\/?preview_id=35681&preview_nonce=a8f7af7383&_thumbnail_id=35691&preview=true\"\n                   title=\"\"\n                   target=\"_blank\">Read article<\/a>\n                    <\/div>\n    <\/div>\n<\/div>\n<div class=\"swiper-slide item\">\n    <div class=\"carousel-color-box bg-blanc module-shadow\">\n                    <div class=\"img-box\">\n                                            <img decoding=\"async\" src=\"https:\/\/fondationjeunesentete.tor1.digitaloceanspaces.com\/2025\/06\/image-a-la-une-site-golf-1.jpg\" alt=\"$566 000 net: An incredible show of support for our youth!\" class=\"img-fluid\">\n                                    <\/div>\n                    <div class=\"txt-box\">\n\t                                <h5><a href=\"https:\/\/fondationjeunesentete.org\/en\/2025\/06\/10\/566-000-net-an-incredible-show-of-support-for-our-youth\/\" title=\"\" target=\"_blank\">$566 000 net: An incredible show of support for our youth!<\/a><\/h5>\t                    <p>\u200bThis year\u2019s tournament brought together nearly 250 participants, who had an opportunity to spend the day on the greens at one of Quebec\u2019s most exclusive golf courses while learning about this urgent societal issue.<\/p>\n                            <a class=\"btn btn-arrow\" href=\"https:\/\/fondationjeunesentete.org\/en\/2025\/06\/10\/566-000-net-an-incredible-show-of-support-for-our-youth\/\"\n                   title=\"\"\n                   target=\"_blank\">Read article<\/a>\n                    <\/div>\n    <\/div>\n<\/div>\n<div class=\"swiper-slide item\">\n    <div class=\"carousel-color-box bg-blanc module-shadow\">\n                    <div class=\"img-box\">\n                                            <img decoding=\"async\" src=\"https:\/\/fondationjeunesentete.tor1.digitaloceanspaces.com\/2025\/02\/actualite-emilie-et-rose.jpg\" alt=\"\u00c9milie and Rose's story\" class=\"img-fluid\">\n                                    <\/div>\n                    <div class=\"txt-box\">\n\t                                <h5><a href=\"https:\/\/fondationjeunesentete.org\/en\/2025\/02\/20\/emilie-and-roses-story-a-mother-daughter-tale-of-love-and-resilience\/\" title=\"\" target=\"_blank\">\u00c9milie and Rose's story<\/a><\/h5>\t                    <p>\u200bAt the tip of the Gasp\u00e9 Peninsula lies \u00c9milie, a mother turned caregiver to her daughter, Rose, a teenager fiercely fighting her desire to die. They share their story with you.<\/p>\n                            <a class=\"btn btn-arrow\" href=\"https:\/\/fondationjeunesentete.org\/en\/2025\/02\/20\/emilie-and-roses-story-a-mother-daughter-tale-of-love-and-resilience\/\"\n                   title=\"\"\n                   target=\"_blank\">Read article<\/a>\n                    <\/div>\n    <\/div>\n<\/div>\n<div class=\"swiper-slide item\">\n    <div class=\"carousel-color-box bg-blanc module-shadow\">\n                    <div class=\"img-box\">\n                                            <img decoding=\"async\" src=\"https:\/\/fondationjeunesentete.tor1.digitaloceanspaces.com\/2025\/02\/fjet-balsaintvalentin-2025-montant-13-02-25-en-1-scaled.jpg\" alt=\"$860,000 net for the mental health of Quebec teens\" class=\"img-fluid\">\n                                    <\/div>\n                    <div class=\"txt-box\">\n\t                                <h5><a href=\"https:\/\/fondationjeunesentete.org\/en\/2025\/02\/14\/860000-raised-during-the-valentines-day-ball\/\" title=\"\" target=\"_blank\">$860,000 net for the mental health of Quebec teens<\/a><\/h5>\t                    <p>\u200bThe 21st Fondation Jeunes en T\u00eate Valentine\u2019s Day Ball, which hosted more than 650 guests this evening at Montreal\u2019s Gare Windsor, generated a net total of $860,000 for teen mental health awareness and prevention.<\/p>\n                            <a class=\"btn btn-arrow\" href=\"https:\/\/fondationjeunesentete.org\/en\/2025\/02\/14\/860000-raised-during-the-valentines-day-ball\/\"\n                   title=\"\"\n                   target=\"_blank\">Read article<\/a>\n                    <\/div>\n    <\/div>\n<\/div>\n<div class=\"swiper-slide item\">\n    <div class=\"carousel-color-box bg-blanc module-shadow\">\n                    <div class=\"img-box\">\n                                            <img decoding=\"async\" src=\"https:\/\/fondationjeunesentete.tor1.digitaloceanspaces.com\/2024\/02\/perseverance-scolaire-sante-mentale-ados.jpg\" alt=\"Positive mental health: A key factor in academic perseverance\" class=\"img-fluid\">\n                                    <\/div>\n                    <div class=\"txt-box\">\n\t                                <h5><a href=\"https:\/\/fondationjeunesentete.org\/en\/ressource\/positive-mental-health-a-key-factor-in-academic-perseverance\/\" title=\"\" target=\"_blank\">Positive mental health: A key factor in academic perseverance<\/a><\/h5>\t                    <p>To mark Hooked on School Days, we met with a psychologist, a researcher and a teacher to share strategies for encouraging and motivating your young people on a daily basis.<\/p>\n                            <a class=\"btn btn-arrow\" href=\"https:\/\/fondationjeunesentete.org\/en\/ressource\/positive-mental-health-a-key-factor-in-academic-perseverance\/\"\n                   title=\"\"\n                   target=\"_blank\">Read article<\/a>\n                    <\/div>\n    <\/div>\n<\/div>\n<div class=\"swiper-slide item\">\n    <div class=\"carousel-color-box bg-blanc module-shadow\">\n                    <div class=\"img-box\">\n                                            <img decoding=\"async\" src=\"https:\/\/fondationjeunesentete.tor1.digitaloceanspaces.com\/2024\/12\/adolescence-1.jpg\" alt=\"Adolescence: It's not a crisis. It's a period of life.\" class=\"img-fluid\">\n                                    <\/div>\n                    <div class=\"txt-box\">\n\t                                <h5><a href=\"https:\/\/fondationjeunesentete.org\/en\/ressource\/adolescence-its-not-a-crisis-its-a-period-of-life\/\" title=\"\" target=\"_blank\">Adolescence: It's not a crisis. It's a period of life.<\/a><\/h5>\t                    <p>The \u201cterrible teens\u201d is a catchall for exasperating teenage behaviour. The myths associated with this expression are deep-seated. Contrary to the commonly held belief, however, the teenage years don\u2019t have to be tormented.<\/p>\n                            <a class=\"btn btn-arrow\" href=\"https:\/\/fondationjeunesentete.org\/en\/ressource\/adolescence-its-not-a-crisis-its-a-period-of-life\/\"\n                   title=\"\"\n                   target=\"_blank\">Read article<\/a>\n                    <\/div>\n    <\/div>\n<\/div>\n<div class=\"swiper-slide item\">\n    <div class=\"carousel-color-box bg-blanc module-shadow\">\n                    <div class=\"img-box\">\n                                            <img decoding=\"async\" src=\"https:\/\/fondationjeunesentete.tor1.digitaloceanspaces.com\/2024\/11\/dsc-1072-montant-en-scaled.jpg\" alt=\"Uma noite perfeita : 13th Mayors Ball\" class=\"img-fluid\">\n                                    <\/div>\n                    <div class=\"txt-box\">\n\t                                <h5><a href=\"https:\/\/fondationjeunesentete.org\/en\/2024\/11\/30\/uma-noite-perfeita-for-teens-mental-health\/\" title=\"\" target=\"_blank\">Uma noite perfeita : 13th Mayors Ball<\/a><\/h5>\t                    <p>\u200bThe Youth in Mind Foundation is proud to announce the dazzling success of the 13th Mayor\u2019s Ball, which was held on Friday, November 29, 2024.<\/p>\n                            <a class=\"btn btn-arrow\" href=\"https:\/\/fondationjeunesentete.org\/en\/2024\/11\/30\/uma-noite-perfeita-for-teens-mental-health\/\"\n                   title=\"\"\n                   target=\"_blank\">Read more<\/a>\n                    <\/div>\n    <\/div>\n<\/div>\n<div class=\"swiper-slide item\">\n    <div class=\"carousel-color-box bg-blanc module-shadow\">\n                    <div class=\"img-box\">\n                                            <img decoding=\"async\" src=\"https:\/\/fondationjeunesentete.tor1.digitaloceanspaces.com\/2024\/10\/cf-mtl-fjet-scaled.jpg\" alt=\"CF Montr\u00e9al and Fondation Jeunes en T\u00eate join forces in support of teen mental health\" class=\"img-fluid\">\n                                    <\/div>\n                    <div class=\"txt-box\">\n\t                                <h5><a href=\"https:\/\/fondationjeunesentete.org\/en\/2024\/10\/10\/cf-montreal-and-fondation-jeunes-en-tete-join-forces-in-support-of-teen-mental-health\/\" title=\"\" target=\"_blank\">CF Montr\u00e9al and Fondation Jeunes en T\u00eate join forces in support of teen mental health<\/a><\/h5>\t                    <p>As part of World Mental Health Day, Fondation Jeunes en T\u00eate and CF Montr\u00e9al are proud to announce a new collaboration to deepen their impact on youth.<\/p>\n                            <a class=\"btn btn-arrow\" href=\"https:\/\/fondationjeunesentete.org\/en\/2024\/10\/10\/cf-montreal-and-fondation-jeunes-en-tete-join-forces-in-support-of-teen-mental-health\/\"\n                   title=\"\"\n                   target=\"_blank\">Read more<\/a>\n                    <\/div>\n    <\/div>\n<\/div>\n<div class=\"swiper-slide item\">\n    <div class=\"carousel-color-box bg-blanc module-shadow\">\n                    <div class=\"img-box\">\n                                                <\/div>\n                    <div class=\"txt-box\">\n\t                                <h5><a href=\"https:\/\/fondationjeunesentete.org\/en\/2024\/09\/11\/a-new-tool-to-help-teens-maintain-a-healthy-relationship-with-their-screens\/\" title=\"\" target=\"_blank\">A new tool to help teens maintain a healthy relationship with their screens<\/a><\/h5>\t                    <p>Fondation Jeunes en T\u00eate and the C.I.E.L have joined their forces to create a new tool to help teens develop digital well-being. Download our info sheet now!<\/p>\n                            <a class=\"btn btn-arrow\" href=\"https:\/\/fondationjeunesentete.org\/en\/2024\/09\/11\/a-new-tool-to-help-teens-maintain-a-healthy-relationship-with-their-screens\/\"\n                   title=\"\"\n                   target=\"_blank\">Read more<\/a>\n                    <\/div>\n    <\/div>\n<\/div>\n<div class=\"swiper-slide item\">\n    <div class=\"carousel-color-box bg-blanc module-shadow\">\n                    <div class=\"img-box\">\n                                            <img decoding=\"async\" src=\"https:\/\/fondationjeunesentete.tor1.digitaloceanspaces.com\/2024\/08\/6.jpg\" alt=\"First satellite office opens in Quebec City\" class=\"img-fluid\">\n                                    <\/div>\n                    <div class=\"txt-box\">\n\t                                <h5><a href=\"https:\/\/fondationjeunesentete.org\/en\/2024\/09\/05\/a-first-satellite-office-with-permanent-team-opens-in-quebec-city\/\" title=\"\" target=\"_blank\">First satellite office opens in Quebec City<\/a><\/h5>\t                    <p>Fondation Jeunes en T\u00eate is proud to announce the deployment of its first permanent team in Quebec City in order to increase its impact and support for young people in the Capitale-Nationale area and throughout Eastern Quebec.<\/p>\n                            <a class=\"btn btn-arrow\" href=\"https:\/\/fondationjeunesentete.org\/en\/2024\/09\/05\/a-first-satellite-office-with-permanent-team-opens-in-quebec-city\/\"\n                   title=\"\"\n                   target=\"_blank\">Read more<\/a>\n                    <\/div>\n    <\/div>\n<\/div>\n                    <\/div>\n                    <div class=\"swiper-pagination\"><\/div>\n                    <div class=\"swiper-nav\">\n                        <div class=\"swiper-button-prev\"><\/div>\n                        <div class=\"swiper-button-next\"><\/div>\n                    <\/div>\n                <\/div>\n            <\/div>\n        <\/div>\n    <\/div>\n<\/div>\n<div class=\"fjet-module-container module-texte-centre  module-without-overflow    \">\n            <div class=\"container\">\n        <div class=\"row\">\n            <div class=\"col-12 text-center\">\n                <div class=\"content-txt\">\n                                                                                                        <a class=\"btn btn-link-alt\" href=\"https:\/\/fondationjeunesentete.org\/en\/our-cause\/news\/\" title=\"Actualit\u00e9s\" target=\"\"><span>Learn more about what\u2019s new<\/span><\/a>\n                                    <\/div>\n            <\/div>\n        <\/div>\n    <\/div>\n    <\/div>[\/vc_column][\/vc_row][vc_row full_width=&#8221;stretch_row_content_no_spaces&#8221; disable_element=&#8221;yes&#8221;][vc_column]<div class=\"fjet-module-container module-title-container module-without-overflow  bg-color module-bg-color-jaune    \">\n                    <div class=\"container\">\n            <div class=\"row\">\n                <div class=\"col-12\">\n                    <div class=\"content-txt \">\n                                                                    <\/div>\n                    <div class=\"content-vc\">\n                                            <\/div>\n                <\/div>\n            <\/div>\n        <\/div>\n        <\/div>\n[\/vc_column][\/vc_row][vc_row full_width=&#8221;stretch_row_content_no_spaces&#8221;][vc_column css=&#8221;.vc_custom_1592402941789{margin-top: 40px !important;}&#8221;]<div class=\"module-2-col-txt-img fjet-module-container module-with-overflow bg-color module-bg-color-blanc  \">\n    <!-- decoration-box * pour mettre une deco en fond s'il y a lieu   -->\n    <div class=\"decoration-box desktop\" style=\"background-image: url('https:\/\/fondationjeunesentete.tor1.digitaloceanspaces.com\/2020\/06\/scribble-yellow-green-L-1.svg')\"><\/div><div class=\"decoration-box mobile\" style=\"background-image: url('https:\/\/fondationjeunesentete.tor1.digitaloceanspaces.com\/2020\/06\/scribble-yellow-green-L-mb.svg')\"><\/div>\n    <div class=\"container\">\n        <div class=\"row align-items-center\">\n            <div class=\"order-1 order-lg-2 col-lg-6 offset-lg-1\">\n                                    <div class=\"content-img overflow-container\">\n                        <div class=\"img-radius-8\">\n                            <img decoding=\"async\" src=\"https:\/\/fondationjeunesentete.tor1.digitaloceanspaces.com\/2020\/06\/fjet-hp-friends1.jpg\" alt=\"PSYCHOLOGICAL DISTRESS: A MAJOR ISSUE FOR YOUNG PEOPLE\" class=\"img-fluid\">\n                        <\/div>\n                    <\/div>\n                            <\/div>\n            <div class=\"order-2 order-lg-1 col-lg-5\">\n                <div class=\"content-txt\">\n                    <h5 class=\"text-color-bleu\">Our cause<\/h5>                    <h3 class=\"text-color-bleu \">PSYCHOLOGICAL DISTRESS: A MAJOR ISSUE FOR YOUNG PEOPLE<\/h3>                    <\/p>\n<p class=\"p1\"><span style=\"font-weight: 400;\">Psychological distress is at the heart of most of the problems experienced during adolescence. In Quebec, more than a third of teens say they are living with it.<\/span><\/p>\n<p>\n                                            <a class=\"btn btn-primary data-gtm-trigger\" \n                            href=\"https:\/\/fondationjeunesentete.org\/en\/our-cause\/\"\n                            title=\"Notre cause\"\n                            target=\"\"\n                            data-gtm-event=\"Download\" \n                            data-gtm-event-category=\"Opportunity\" \n                            data-gtm-event-action=\"Download\" \n                            data-gtm-event-label=\"Notre cause\" \n                            data-gtm-download-category=\"Inscription\">\n                            <span>Learn more<\/span>\n                        <\/a>\n                                    <\/div>\n            <\/div>\n        <\/div>\n    <\/div>\n<\/div>[\/vc_column][\/vc_row][vc_row full_width=&#8221;stretch_row_content_no_spaces&#8221;][vc_column]<div class=\"module-2-col-txt-img fjet-module-container module-with-overflow bg-color module-bg-color-vert  color-inverse\">\n    <!-- decoration-box * pour mettre une deco en fond s'il y a lieu   -->\n    <div class=\"decoration-box desktop\" style=\"background-image: url('https:\/\/fondationjeunesentete.tor1.digitaloceanspaces.com\/2020\/03\/bg-deco-2.svg')\"><\/div><div class=\"decoration-box mobile\" style=\"background-image: url('')\"><\/div>\n    <div class=\"container\">\n        <div class=\"row align-items-center\">\n            <div class=\"col-lg-6\">\n                                    <div class=\"content-img overflow-container\">\n                        <div class=\"img-radius-8\">\n                            <img decoding=\"async\" src=\"https:\/\/fondationjeunesentete.tor1.digitaloceanspaces.com\/2020\/07\/fjet_hp-atelier-scaled.jpg\" alt=\"PREVENTION AND AWARENESS-RAISING WORKSHOPS\" class=\"img-fluid\">\n                        <\/div>\n                    <\/div>\n                            <\/div>\n            <div class=\"col-lg-5 offset-lg-1\">\n                <div class=\"content-txt\">\n                    <h5 class=\"text-color-blanc\">OUR ACTIONS<\/h5>                    <h3 class=\"text-color-blanc \">PREVENTION AND AWARENESS-RAISING WORKSHOPS<\/h3>                    <\/p>\n<p class=\"p1\"><span style=\"font-weight: 400;\">Through our Mental Health Basics and Partners for Life workshops, our Foundation for teenagers teaches them to:<\/span><\/p>\n<ul>\n<li><span style=\"font-weight: 400;\">Acquire tools to maintain good mental health throughout their lives.<\/span><\/li>\n<li><span style=\"font-weight: 400;\">Express themselves when they are in distress and seek help.<\/span><\/li>\n<\/ul>\n<p>\n                                            <a class=\"btn btn-inverse data-gtm-trigger\" \n                            href=\"https:\/\/fondationjeunesentete.org\/en\/our-actions\/\"\n                            title=\"Nos actions\"\n                            target=\"\"\n                            data-gtm-event=\"Download\" \n                            data-gtm-event-category=\"Opportunity\" \n                            data-gtm-event-action=\"Download\" \n                            data-gtm-event-label=\"Nos actions\" \n                            data-gtm-download-category=\"Inscription\">\n                            <span>Learn more<\/span>\n                        <\/a>\n                                    <\/div>\n            <\/div>\n        <\/div>\n    <\/div>\n<\/div>[\/vc_column][\/vc_row][vc_row full_width=&#8221;stretch_row_content_no_spaces&#8221;][vc_column]<div class=\"fjet-module-container module-title-container module-without-overflow  bg-color module-bg-color-blanc    \">\n                    <div class=\"container\">\n            <div class=\"row\">\n                <div class=\"col-12\">\n                    <div class=\"content-txt \">\n                                                                    <\/div>\n                    <div class=\"content-vc\">\n                        [vc_row_inner][vc_column_inner width=&#8221;1\/3&#8243;]<div class=\"fjet-module-container image-texte-module  \">\n    <div class=\"container\">\n        <div class=\"row\">\n            <div class=\"col-12\">\n    <div class=\"content-img\" >\n            <\/div>\n    <div class=\"content-txt\"  >\n                        <\/p>\n<section class=\"numbers\">\n<h1 style=\"text-align: center;\"><span class=\"value\">50000<\/span><\/h1>\n<h5 style=\"text-align: center;\">young people reached each year<\/h5>\n<\/section>\n<p>\n            <\/div>\n            <\/div>\n        <\/div>\n    <\/div>\n<\/div>[vc_raw_js]JTNDc2NyaXB0JTNFJTBBJTI0JTI4d2luZG93JTI5LnNjcm9sbCUyOHRlc3RTY3JvbGwlMjklM0IlMEF2YXIlMjB2aWV3ZWQlMjAlM0QlMjBmYWxzZSUzQiUwQSUwQWZ1bmN0aW9uJTIwaXNTY3JvbGxlZEludG9WaWV3JTI4ZWxlbSUyOSUyMCU3QiUwQSUyMCUyMCUyMCUyMHZhciUyMGRvY1ZpZXdUb3AlMjAlM0QlMjAlMjQlMjh3aW5kb3clMjkuc2Nyb2xsVG9wJTI4JTI5JTNCJTBBJTIwJTIwJTIwJTIwdmFyJTIwZG9jVmlld0JvdHRvbSUyMCUzRCUyMGRvY1ZpZXdUb3AlMjAlMkIlMjAlMjQlMjh3aW5kb3clMjkuaGVpZ2h0JTI4JTI5JTNCJTBBJTBBJTIwJTIwJTIwJTIwdmFyJTIwZWxlbVRvcCUyMCUzRCUyMCUyNCUyOGVsZW0lMjkub2Zmc2V0JTI4JTI5LnRvcCUzQiUwQSUyMCUyMCUyMCUyMHZhciUyMGVsZW1Cb3R0b20lMjAlM0QlMjBlbGVtVG9wJTIwJTJCJTIwJTI0JTI4ZWxlbSUyOS5oZWlnaHQlMjglMjklM0IlMEElMEElMjAlMjAlMjAlMjByZXR1cm4lMjAlMjglMjhlbGVtQm90dG9tJTIwJTNDJTNEJTIwZG9jVmlld0JvdHRvbSUyOSUyMCUyNiUyNiUyMCUyOGVsZW1Ub3AlMjAlM0UlM0QlMjBkb2NWaWV3VG9wJTI5JTI5JTNCJTBBJTdEJTBBJTBBZnVuY3Rpb24lMjB0ZXN0U2Nyb2xsJTI4JTI5JTIwJTdCJTBBJTIwJTIwaWYlMjAlMjhpc1Njcm9sbGVkSW50b1ZpZXclMjglMjQlMjglMjIubnVtYmVycyUyMiUyOSUyOSUyMCUyNiUyNiUyMCUyMXZpZXdlZCUyOSUyMCU3QiUwQSUyMCUyMCUyMCUyMCUyMCUyMHZpZXdlZCUyMCUzRCUyMHRydWUlM0IlMEElMjAlMjAlMjAlMjAlMjAlMjAlMjQlMjglMjcudmFsdWUlMjclMjkuZWFjaCUyOGZ1bmN0aW9uJTIwJTI4JTI5JTIwJTdCJTBBJTIwJTIwJTIwJTIwJTIwJTIwJTI0JTI4dGhpcyUyOS5wcm9wJTI4JTI3Q291bnRlciUyNyUyQzAlMjkuYW5pbWF0ZSUyOCU3QiUwQSUyMCUyMCUyMCUyMCUyMCUyMCUyMCUyMCUyMCUyMENvdW50ZXIlM0ElMjAlMjQlMjh0aGlzJTI5LnRleHQlMjglMjklMEElMjAlMjAlMjAlMjAlMjAlMjAlN0QlMkMlMjAlN0IlMEElMjAlMjAlMjAlMjAlMjAlMjAlMjAlMjAlMjAlMjBkdXJhdGlvbiUzQSUyMDQwMDAlMkMlMEElMjAlMjAlMjAlMjAlMjAlMjAlMjAlMjAlMjAlMjBlYXNpbmclM0ElMjAlMjdzd2luZyUyNyUyQyUwQSUyMCUyMCUyMCUyMCUyMCUyMCUyMCUyMCUyMCUyMHN0ZXAlM0ElMjBmdW5jdGlvbiUyMCUyOG5vdyUyOSUyMCU3QiUwQSUyMCUyMCUyMCUyMCUyMCUyMCUyMCUyMCUyMCUyMCUyMCUyMCUyMCUyMCUyNCUyOHRoaXMlMjkudGV4dCUyOE1hdGguY2VpbCUyOG5vdyUyOSUyOSUzQiUwQSUyMCUyMCUyMCUyMCUyMCUyMCUyMCUyMCUyMCUyMCU3RCUwQSUyMCUyMCUyMCUyMCUyMCUyMCU3RCUyOSUzQiUwQSUyMCUyMCUyMCUyMCU3RCUyOSUzQiUwQSUyMCUyMCU3RCUwQSU3RCUwQSUzQyUyRnNjcmlwdCUzRQ==[\/vc_raw_js][\/vc_column_inner][vc_column_inner width=&#8221;1\/3&#8243;]<div class=\"fjet-module-container image-texte-module  \">\n    <div class=\"container\">\n        <div class=\"row\">\n            <div class=\"col-12\">\n    <div class=\"content-img\" >\n            <\/div>\n    <div class=\"content-txt\"  >\n                        <\/p>\n<section class=\"numbers\">\n<h1 style=\"text-align: center;\"><span class=\"value\">1900000<\/span>$<\/h1>\n<h5 style=\"text-align: center;\">invested in the cause this year<\/h5>\n<\/section>\n<p>\n            <\/div>\n            <\/div>\n        <\/div>\n    <\/div>\n<\/div>[\/vc_column_inner][vc_column_inner width=&#8221;1\/3&#8243;]<div class=\"fjet-module-container image-texte-module  \">\n    <div class=\"container\">\n        <div class=\"row\">\n            <div class=\"col-12\">\n    <div class=\"content-img\" >\n            <\/div>\n    <div class=\"content-txt\"  >\n                        <\/p>\n<section class=\"numbers\">\n<h1 style=\"text-align: center;\"><span class=\"value\">17<\/span><\/h1>\n<h5 style=\"text-align: center;\">regions visited<\/h5>\n<\/section>\n<p>\n            <\/div>\n            <\/div>\n        <\/div>\n    <\/div>\n<\/div>[\/vc_column_inner][\/vc_row_inner]                    <\/div>\n                <\/div>\n            <\/div>\n        <\/div>\n        <\/div>\n[\/vc_column][\/vc_row][vc_row full_width=&#8221;stretch_row_content_no_spaces&#8221; disable_element=&#8221;yes&#8221;][vc_column][vc_row_inner el_class=&#8221;desktop-only&#8221;][vc_column_inner]<div class=\"module-don fjet-module-container module-without-overflow module-boite-outils bg-color module-bg-color-rose\">\n        <div class=\"container\">\n        <div class=\"row\">\n            <div class=\"col-12\">\n                <div class=\"boite-don module-shadow module-radius\">\n                    <div class=\"row align-items-center\">\n                        <div class=\"col-lg-7\">\n                            <div class=\"img-don\" style=\"background-image: url('https:\/\/fondationjeunesentete.tor1.digitaloceanspaces.com\/2020\/06\/group-646.jpg')\">\n                                <!--                                <img decoding=\"async\" src=\"--><!--_exemples\/image-don.jpg\" alt=\"nom de l'image\" class=\"img-fluid\">-->\n                            <\/div>\n                        <\/div>\n                        <div class=\"col-lg-5\">\n                            <div class=\"boite-don-txt\">\n                                <h4>Make a donation<\/h4>                                <div class=\"choix-1\">\n                                    <button class=\"btn btn-simple-border btn-unique js-btn-select-type active\" data-type=\"unique\">One-time donation<\/button>\n                                    <button class=\"btn btn-simple-border btn-mensuel js-btn-select-type\" data-type=\"mensuel\" >Monthly donation<\/button>\n                                    <p class=\"p-medium\">Increase your impact on youth mental health awareness with a monthly donation<\/p>                                <\/div>\n                                <div class=\"choix-montants\">\n                                    <div class=\"ligne\">\n                                        <button class=\"btn btn-simple-border btn-montant js-btn-select-montant\" data-link-mensuel=\"https:\/\/www.imakeanonlinedonation.org\/fondationfjet\/SITEWEBDM1\/\" data-link-unique=\"https:\/\/www.imakeanonlinedonation.org\/fondationfjet\/SITEWEBDU1\/\">20$<\/button>\n                                        <button class=\"btn btn-simple-border btn-montant js-btn-select-montant\" data-link-mensuel=\"https:\/\/www.imakeanonlinedonation.org\/fondationfjet\/SITEWEBDM2\/\" data-link-unique=\"https:\/\/www.imakeanonlinedonation.org\/fondationfjet\/SITEWEBDU2\/\">50$<\/button>\n                                        <button class=\"btn btn-simple-border btn-montant js-btn-select-montant\" data-link-mensuel=\"https:\/\/www.imakeanonlinedonation.org\/fondationfjet\/SITEWEBDM3\/\" data-link-unique=\"https:\/\/www.imakeanonlinedonation.org\/fondationfjet\/SITEWEBDU3\/\">100$<\/button>\n                                    <\/div>\n                                    <div class=\"ligne\">\n                                        <button class=\"btn btn-simple-border btn-montant js-btn-select-montant\" data-link-mensuel=\"https:\/\/www.imakeanonlinedonation.org\/fondationfjet\/SITEWEBDM4\/\" data-link-unique=\"https:\/\/www.imakeanonlinedonation.org\/fondationfjet\/SITEWEBDU4\/\">200$<\/button>\n                                        <button class=\"btn btn-simple-border btn-person js-btn-select-montant\" data-link-mensuel=\"https:\/\/www.imakeanonlinedonation.org\/fondationfjet\/SITEWEBDM5\/\" data-link-unique=\"https:\/\/www.imakeanonlinedonation.org\/fondationfjet\/SITEWEBDU5\/\">Other Amount<\/button>\n                                    <\/div>\n                                <\/div>\n                                <a href=\"javascript:;\" class=\"btn btn-primary btn-submit disabled\" target=\"_blank\">Take me there<\/a>\n                            <\/div>\n                        <\/div>\n                    <\/div>\n                <\/div>\n            <\/div>\n        <\/div>\n    <\/div>\n<\/div>[\/vc_column_inner][\/vc_row_inner][vc_row_inner el_class=&#8221;mobile-only&#8221;][vc_column_inner]<div class=\"module-don fjet-module-container module-without-overflow module-boite-outils bg-color module-bg-color-rose\">\n        <div class=\"container\">\n        <div class=\"row\">\n            <div class=\"col-12\">\n                <div class=\"boite-don module-shadow module-radius\">\n                    <div class=\"row align-items-center\">\n                        <div class=\"col-lg-7\">\n                            <div class=\"img-don\" style=\"background-image: url('https:\/\/fondationjeunesentete.tor1.digitaloceanspaces.com\/2020\/06\/group-783.jpg')\">\n                                <!--                                <img decoding=\"async\" src=\"--><!--_exemples\/image-don.jpg\" alt=\"nom de l'image\" class=\"img-fluid\">-->\n                            <\/div>\n                        <\/div>\n                        <div class=\"col-lg-5\">\n                            <div class=\"boite-don-txt\">\n                                <h4>Make a donation<\/h4>                                <div class=\"choix-1\">\n                                    <button class=\"btn btn-simple-border btn-unique js-btn-select-type active\" data-type=\"unique\">One-time donation<\/button>\n                                    <button class=\"btn btn-simple-border btn-mensuel js-btn-select-type\" data-type=\"mensuel\" >Monthly donation<\/button>\n                                    <p class=\"p-medium\">Increase your impact on youth mental health awareness with a monthly donation<\/p>                                <\/div>\n                                <div class=\"choix-montants\">\n                                    <div class=\"ligne\">\n                                        <button class=\"btn btn-simple-border btn-montant js-btn-select-montant\" data-link-mensuel=\"https:\/\/www.imakeanonlinedonation.org\/fondationfjet\/SITEWEBDM1\/\" data-link-unique=\"https:\/\/www.imakeanonlinedonation.org\/fondationfjet\/SITEWEBDU1\/\">20$<\/button>\n                                        <button class=\"btn btn-simple-border btn-montant js-btn-select-montant\" data-link-mensuel=\"https:\/\/www.imakeanonlinedonation.org\/fondationfjet\/SITEWEBDM2\/\" data-link-unique=\"https:\/\/www.imakeanonlinedonation.org\/fondationfjet\/SITEWEBDU2\/\">50$<\/button>\n                                        <button class=\"btn btn-simple-border btn-montant js-btn-select-montant\" data-link-mensuel=\"https:\/\/www.imakeanonlinedonation.org\/fondationfjet\/SITEWEBDM3\/\" data-link-unique=\"https:\/\/www.imakeanonlinedonation.org\/fondationfjet\/SITEWEBDU3\/\">100$<\/button>\n                                    <\/div>\n                                    <div class=\"ligne\">\n                                        <button class=\"btn btn-simple-border btn-montant js-btn-select-montant\" data-link-mensuel=\"https:\/\/www.imakeanonlinedonation.org\/fondationfjet\/SITEWEBDM4\/\" data-link-unique=\"https:\/\/www.imakeanonlinedonation.org\/fondationfjet\/SITEWEBDU4\/\">200$<\/button>\n                                        <button class=\"btn btn-simple-border btn-person js-btn-select-montant\" data-link-mensuel=\"https:\/\/www.imakeanonlinedonation.org\/fondationfjet\/SITEWEBDM5\/\" data-link-unique=\"https:\/\/www.imakeanonlinedonation.org\/fondationfjet\/SITEWEBDU5\/\">Other Amount<\/button>\n                                    <\/div>\n                                <\/div>\n                                <a href=\"javascript:;\" class=\"btn btn-primary btn-submit disabled\" target=\"_blank\">Take me there<\/a>\n                            <\/div>\n                        <\/div>\n                    <\/div>\n                <\/div>\n            <\/div>\n        <\/div>\n    <\/div>\n<\/div>[\/vc_column_inner][\/vc_row_inner][\/vc_column][\/vc_row][vc_row full_width=&#8221;stretch_row_content_no_spaces&#8221;][vc_column css=&#8221;.vc_custom_1592402941789{margin-top: 40px !important;}&#8221;]<div class=\"module-2-col-txt-img fjet-module-container module-with-overflow bg-color module-bg-color-blanc  \">\n    <!-- decoration-box * pour mettre une deco en fond s'il y a lieu   -->\n        <div class=\"container\">\n        <div class=\"row align-items-center\">\n            <div class=\"order-1 order-lg-2 col-lg-6 offset-lg-1\">\n                                    <div class=\"content-img overflow-container\">\n                        <div class=\"img-radius-8\">\n                            <img decoding=\"async\" src=\"https:\/\/fondationjeunesentete.tor1.digitaloceanspaces.com\/2025\/10\/evenements.jpg\" alt=\"Act on the well-being and mental health of our youth\" class=\"img-fluid\">\n                        <\/div>\n                    <\/div>\n                            <\/div>\n            <div class=\"order-2 order-lg-1 col-lg-5\">\n                <div class=\"content-txt\">\n                    <h5 class=\"text-color-bleu\">FUNDRAISING EVENTS<\/h5>                    <h3 class=\"text-color-bleu \">Act on the well-being and mental health of our youth<\/h3>                    <p><span style=\"font-weight: 400;\">Much like our 6100 amazing allies, you can contribute to our mission by participating in events such as the Valentine\u2019s Day Ball, the annual Golf Tournament or the Bal du maire de Qu\u00e9bec.<\/span><\/p>\n                                            <a class=\"btn btn-link data-gtm-trigger\" \n                            href=\"https:\/\/fondationjeunesentete.org\/en\/benefit-events\/foundation-events\/\"\n                            title=\"Event\"\n                            target=\"\"\n                            data-gtm-event=\"Download\" \n                            data-gtm-event-category=\"Opportunity\" \n                            data-gtm-event-action=\"Download\" \n                            data-gtm-event-label=\"Event\" \n                            data-gtm-download-category=\"Inscription\">\n                            <span>Learn more<\/span>\n                        <\/a>\n                                    <\/div>\n            <\/div>\n        <\/div>\n    <\/div>\n<\/div>[\/vc_column][\/vc_row][vc_row full_width=&#8221;stretch_row_content_no_spaces&#8221; disable_element=&#8221;yes&#8221;][vc_column]<div class=\"fjet-module-container module-texte-centre  module-without-overflow    \">\n        <div class=\"bg-img\" style=\"background-image: url('https:\/\/fondationjeunesentete.tor1.digitaloceanspaces.com\/2020\/06\/fjet-event2-ban-1.jpg')\">        <div class=\"container\">\n        <div class=\"row\">\n            <div class=\"col-12 text-center\">\n                <div class=\"content-txt\">\n                                        <h2 class=\"text-color- \">\u00c9V\u00c9NEMENTS-B\u00c9N\u00c9FICES<\/h2>                    <\/p>\n<p class=\"lead\" style=\"text-align: center;\">Comme nos 6\u00a0100\u00a0alli\u00e9\u00b7es extraordinaires, contribuez \u00e0 notre mission en participant \u00e0 nos \u00e9v\u00e9nements tels que le Bal de la Saint-Valentin, le Tournoi de golf ou le Bal du maire de Qu\u00e9bec.<\/p>\n<p>\n                                            <a class=\"btn btn-primary\" href=\"https:\/\/fondationjeunesentete.org\/en\/benefit-events\/\" title=\"\u00c9v\u00e9nements-b\u00e9n\u00e9fice\" target=\"\"><span>En savoir plus<\/span><\/a>\n                                    <\/div>\n            <\/div>\n        <\/div>\n    <\/div>\n    <\/div><\/div>[\/vc_column][\/vc_row][vc_row full_width=&#8221;stretch_row&#8221; css=&#8221;.vc_custom_1592329490440{background-color: #23b9fa !important;}&#8221;][vc_column width=&#8221;1\/2&#8243;]<div class=\"fjet-module-container module-texte-centre-overflow  module-with-overflow bg-color module-bg-color-bleu \">\n    <div class=\"container \">\n        <div class=\"row\">\n            <div class=\"col-12 text-center\">\n                <div class=\"decoration-box desktop\" style=\"background-image: url('https:\/\/fondationjeunesentete.tor1.digitaloceanspaces.com\/2020\/06\/svg-box-left-2.svg')\"><\/div><div class=\"decoration-box mobile\" style=\"background-image: url('https:\/\/fondationjeunesentete.tor1.digitaloceanspaces.com\/2020\/06\/svg-box-left-mb-1.svg')\"><\/div>\n                <div class=\"overflow-container module-box bg-color module-bg-color-vert module-radius module-shadow \">\n                                            <div class=\"content-txt\">\n                                                                                        <h2 class=\"text-color- \">FAMILY TOOLKIT<\/h2>                            <\/p>\n<p class=\"p1\"><span style=\"font-weight: 400;\">Articles, videos, podcasts and educational worksheets to help you deal with your teen\u2019s psychological distress. <\/span><\/p>\n<p>\n                                                            <a class=\"btn btn-primary\" href=\"https:\/\/fondationjeunesentete.org\/en\/adult-toolkit\/\" title=\"Trousse Adultes\" target=\"\"><span>Learn more<\/span><\/a>\n                                                    <\/div>\n                                        <\/div>\n            <\/div>\n        <\/div>\n    <\/div>\n<\/div>[\/vc_column][vc_column width=&#8221;1\/2&#8243;]<div class=\"fjet-module-container module-texte-centre-overflow  module-with-overflow bg-color module-bg-color-bleu \">\n    <div class=\"container \">\n        <div class=\"row\">\n            <div class=\"col-12 text-center\">\n                <div class=\"decoration-box desktop\" style=\"background-image: url('https:\/\/fondationjeunesentete.tor1.digitaloceanspaces.com\/2020\/06\/svg-box-right-1.svg')\"><\/div><div class=\"decoration-box mobile\" style=\"background-image: url('https:\/\/fondationjeunesentete.tor1.digitaloceanspaces.com\/2020\/06\/svg-box-right-mb-1.svg')\"><\/div>\n                <div class=\"overflow-container module-box bg-color module-bg-color-jaune module-radius module-shadow \">\n                                            <div class=\"content-txt\">\n                                                                                        <h2 class=\"text-color- \">TEEN TOOLKIT<\/h2>                            <\/p>\n<p class=\"p1\"><span style=\"font-weight: 400;\">Articles, videos and quizzes to help young people better understand psychological distress and how to prevent it. <\/span><\/p>\n<p>\n                                                            <a class=\"btn btn-primary\" href=\"https:\/\/fondationjeunesentete.org\/en\/teen-toolkit\/\" title=\"Trousse Jeunes\" target=\"\"><span>Learn more<\/span><\/a>\n                                                    <\/div>\n                                        <\/div>\n            <\/div>\n        <\/div>\n    <\/div>\n<\/div>[\/vc_column][\/vc_row][vc_row full_width=&#8221;stretch_row_content_no_spaces&#8221;][vc_column el_class=&#8221;questions-hp&#8221;][vc_row_inner el_class=&#8221;desktop-only&#8221;][vc_column_inner]<div class=\"fjet-module-container module-redirection bg-color  module-without-overflow  module-bg-color-bleu color-inverse\">\n        <div class=\"container\">\n        <div class=\"row align-items-center\">\n            <div class=\"col-lg-5 col-xxl-4\">\n                                <div class=\"title-box\">\n                    <h2 class=\"text-color- title-outline-blanc\">ANSWERS TO YOUR QUESTIONS<\/h2>\n                <\/div>\n                                            <\/div>\n            <div class=\"col-lg-6 offset-lg-1 offset-xxl-2\">\n                <div class=\"content-txt\"><\/p>\n<ol>\n<li><a href=\"https:\/\/fondationjeunesentete.org\/en\/our-actions\/\">How can I organize a workshop in my school?<\/a><\/li>\n<li><a href=\"https:\/\/fondationjeunesentete.org\/en\/organize-a-fundraiser\/\">How can I organize a fundraiser for the Foundation?<\/a><\/li>\n<li><a href=\"https:\/\/fondationjeunesentete.org\/en\/our-tools\/\">Who can I contact if I or someone close to me isn\u2019t doing well?<\/a><\/li>\n<li><a href=\"https:\/\/fondationjeunesentete.org\/en\/teen-toolkit\/\"><span class=\"s1\">How do I know if I\u2019m experiencing psychological distress? <\/span><\/a><\/li>\n<\/ol>\n<p>\n                                    <\/div>\n            <\/div>\n        <\/div>\n    <\/div>\n<\/div>[\/vc_column_inner][\/vc_row_inner][vc_row_inner el_class=&#8221;mobile-only&#8221;][vc_column_inner]<div class=\"fjet-module-container module-redirection bg-color  module-without-overflow  module-bg-color-bleu color-inverse\">\n        <div class=\"container\">\n        <div class=\"row align-items-center\">\n            <div class=\"col-lg-5 col-xxl-4\">\n                                <div class=\"title-box\">\n                    <h2 class=\"text-color- title-outline-blanc\">ANSWERS TO YOUR QUESTIONS<\/h2>\n                <\/div>\n                                            <\/div>\n            <div class=\"col-lg-6 offset-lg-1 offset-xxl-2\">\n                <div class=\"content-txt\"><\/p>\n<ul>\n<li><a href=\"https:\/\/fondationjeunesentete.org\/en\/our-actions\/\">How can I organize a workshop in my school?<\/a><\/li>\n<li><a href=\"https:\/\/fondationjeunesentete.org\/en\/organize-a-fundraiser\/\">How can I organize a fundraiser for the Foundation?<\/a><\/li>\n<li><a href=\"https:\/\/fondationjeunesentete.org\/en\/our-tools\/\">Who can I contact if I or someone close to me isn\u2019t doing well?<\/a><\/li>\n<li><a href=\"https:\/\/fondationjeunesentete.org\/en\/teen-toolkit\/\">How do I know if I\u2019m experiencing psychological distress?<\/a><\/li>\n<\/ul>\n<p>\n                                    <\/div>\n            <\/div>\n        <\/div>\n    <\/div>\n<\/div>[\/vc_column_inner][\/vc_row_inner][\/vc_column][\/vc_row][vc_row full_width=&#8221;stretch_row_content_no_spaces&#8221;][vc_column el_id=&#8221;newsletter&#8221;][vc_row_inner el_class=&#8221;mobile-only&#8221;][vc_column_inner]<div class=\"fjet-module-container module-image module-with-overflow matchHeight  \">\n    <!-- Image au centre dans le container en position BACK -->\n    <div class=\"container-fluid no-gutters p-0 \">\n        <div class=\"row\">\n            <div class=\"col-12\">\n                <div class=\"img-container overflow-container\">\n                                    <img decoding=\"async\" src=\"https:\/\/fondationjeunesentete.tor1.digitaloceanspaces.com\/2020\/05\/fjet_footer-bg-mbl.jpg\" alt=\"\" class=\"img-fluid\">\n                                <\/div>\n            <\/div>\n        <\/div>\n    <\/div>\n<\/div>[\/vc_column_inner][\/vc_row_inner][vc_row_inner el_class=&#8221;desktop-only&#8221;][vc_column_inner el_id=&#8221;newsletter&#8221;]<div class=\"fjet-module-container module-image module-with-overflow matchHeight  full-width\">\n    <!-- Image au centre dans le container en position BACK -->\n    <div class=\"container-fluid no-gutters p-0 \">\n        <div class=\"row\">\n            <div class=\"col-12\">\n                <div class=\"img-container overflow-container\">\n                                    <img decoding=\"async\" src=\"https:\/\/fondationjeunesentete.tor1.digitaloceanspaces.com\/2020\/05\/fjet_footer-bg.jpg\" alt=\"\" class=\"img-fluid\">\n                                <\/div>\n            <\/div>\n        <\/div>\n    <\/div>\n<\/div>[\/vc_column_inner][\/vc_row_inner][\/vc_column][\/vc_row]<\/p>\n<\/div>","protected":false},"excerpt":{"rendered":"<p>[vc_row full_width=&#8221;stretch_row_content_no_spaces&#8221;][vc_column][\/vc_column][\/vc_row][vc_row full_width=&#8221;stretch_row_content_no_spaces&#8221;][vc_column][\/vc_column][\/vc_row][vc_row full_width=&#8221;stretch_row_content_no_spaces&#8221;][vc_column][\/vc_column][\/vc_row][vc_row full_width=&#8221;stretch_row_content_no_spaces&#8221; disable_element=&#8221;yes&#8221;][vc_column][\/vc_column][\/vc_row][vc_row full_width=&#8221;stretch_row_content_no_spaces&#8221;][vc_column css=&#8221;.vc_custom_1592402941789{margin-top: 40px !important;}&#8221;][\/vc_column][\/vc_row][vc_row full_width=&#8221;stretch_row_content_no_spaces&#8221;][vc_column][\/vc_column][\/vc_row][vc_row full_width=&#8221;stretch_row_content_no_spaces&#8221;][vc_column][\/vc_column][\/vc_row][vc_row full_width=&#8221;stretch_row_content_no_spaces&#8221; disable_element=&#8221;yes&#8221;][vc_column][vc_row_inner el_class=&#8221;desktop-only&#8221;][vc_column_inner][\/vc_column_inner][\/vc_row_inner][vc_row_inner el_class=&#8221;mobile-only&#8221;][vc_column_inner][\/vc_column_inner][\/vc_row_inner][\/vc_column][\/vc_row][vc_row full_width=&#8221;stretch_row_content_no_spaces&#8221;][vc_column css=&#8221;.vc_custom_1592402941789{margin-top: 40px !important;}&#8221;][\/vc_column][\/vc_row][vc_row full_width=&#8221;stretch_row_content_no_spaces&#8221; disable_element=&#8221;yes&#8221;][vc_column][\/vc_column][\/vc_row][vc_row full_width=&#8221;stretch_row&#8221; css=&#8221;.vc_custom_1592329490440{background-color: #23b9fa !important;}&#8221;][vc_column width=&#8221;1\/2&#8243;][\/vc_column][vc_column width=&#8221;1\/2&#8243;][\/vc_column][\/vc_row][vc_row full_width=&#8221;stretch_row_content_no_spaces&#8221;][vc_column el_class=&#8221;questions-hp&#8221;][vc_row_inner el_class=&#8221;desktop-only&#8221;][vc_column_inner][\/vc_column_inner][\/vc_row_inner][vc_row_inner el_class=&#8221;mobile-only&#8221;][vc_column_inner][\/vc_column_inner][\/vc_row_inner][\/vc_column][\/vc_row][vc_row full_width=&#8221;stretch_row_content_no_spaces&#8221;][vc_column el_id=&#8221;newsletter&#8221;][vc_row_inner el_class=&#8221;mobile-only&#8221;][vc_column_inner][\/vc_column_inner][\/vc_row_inner][vc_row_inner el_class=&#8221;desktop-only&#8221;][vc_column_inner el_id=&#8221;newsletter&#8221;][\/vc_column_inner][\/vc_row_inner][\/vc_column][\/vc_row]<\/p>\n","protected":false},"author":1,"featured_media":1863,"parent":0,"menu_order":0,"comment_status":"closed","ping_status":"closed","template":"","meta":{"_acf_changed":false,"inline_featured_image":false,"footnotes":""},"class_list":["post-4908","page","type-page","status-publish","has-post-thumbnail","hentry"],"acf":[],"yoast_head":"<!-- This site is optimized with the Yoast SEO plugin v26.8 - https:\/\/yoast.com\/product\/yoast-seo-wordpress\/ -->\n<title>A youth foundation | Fondation Jeunes En T\u00eate<\/title>\n<meta name=\"description\" content=\"Fondation Jeunes en T\u00eate is supporting young people aged 11 to 18 who are experiencing psychological distress in Quebec.\" \/>\n<meta name=\"robots\" content=\"index, follow, max-snippet:-1, max-image-preview:large, max-video-preview:-1\" \/>\n<link rel=\"canonical\" href=\"https:\/\/fondationjeunesentete.org\/en\/\" \/>\n<meta property=\"og:locale\" content=\"en_US\" \/>\n<meta property=\"og:type\" content=\"article\" \/>\n<meta property=\"og:title\" content=\"A youth foundation | Fondation Jeunes En T\u00eate\" \/>\n<meta property=\"og:description\" content=\"For over 60 years, Fondation Jeunes en T\u00eate has been supporting young people aged 11 to 18 who are experiencing psychological distress.\" \/>\n<meta property=\"og:url\" content=\"https:\/\/fondationjeunesentete.org\/en\/\" \/>\n<meta property=\"og:site_name\" content=\"Fondation Jeunes en T\u00eate\" \/>\n<meta property=\"article:modified_time\" content=\"2026-02-13T17:36:38+00:00\" \/>\n<meta property=\"og:image\" content=\"https:\/\/fondationjeunesentete.tor1.digitaloceanspaces.com\/2020\/06\/fjet_hero_group-teens1sm.jpg\" \/>\n\t<meta property=\"og:image:width\" content=\"2400\" \/>\n\t<meta property=\"og:image:height\" content=\"1200\" \/>\n\t<meta property=\"og:image:type\" content=\"image\/jpeg\" \/>\n<meta name=\"twitter:card\" content=\"summary_large_image\" \/>\n<meta name=\"twitter:title\" content=\"A youth foundation | Fondation Jeunes En T\u00eate\" \/>\n<meta name=\"twitter:description\" content=\"For over 60 years, Fondation Jeunes en T\u00eate has been supporting young people aged 11 to 18 who are experiencing psychological distress.\" \/>\n<meta name=\"twitter:image\" content=\"https:\/\/fondationjeunesentete.tor1.digitaloceanspaces.com\/2020\/06\/fjet_hero_group-teens1sm.jpg\" \/>\n<meta name=\"twitter:label1\" content=\"Est. reading time\" \/>\n\t<meta name=\"twitter:data1\" content=\"7 minutes\" \/>\n<script type=\"application\/ld+json\" class=\"yoast-schema-graph\">{\"@context\":\"https:\/\/schema.org\",\"@graph\":[{\"@type\":\"WebPage\",\"@id\":\"https:\/\/fondationjeunesentete.org\/en\/\",\"url\":\"https:\/\/fondationjeunesentete.org\/en\/\",\"name\":\"A youth foundation | Fondation Jeunes En T\u00eate\",\"isPartOf\":{\"@id\":\"https:\/\/fondationjeunesentete.org\/#website\"},\"primaryImageOfPage\":{\"@id\":\"https:\/\/fondationjeunesentete.org\/en\/#primaryimage\"},\"image\":{\"@id\":\"https:\/\/fondationjeunesentete.org\/en\/#primaryimage\"},\"thumbnailUrl\":\"https:\/\/fondationjeunesentete.tor1.digitaloceanspaces.com\/2020\/06\/fjet_hero_group-teens1sm.jpg\",\"datePublished\":\"2020-02-12T19:27:26+00:00\",\"dateModified\":\"2026-02-13T17:36:38+00:00\",\"description\":\"Fondation Jeunes en T\u00eate is supporting young people aged 11 to 18 who are experiencing psychological distress in Quebec.\",\"breadcrumb\":{\"@id\":\"https:\/\/fondationjeunesentete.org\/en\/#breadcrumb\"},\"inLanguage\":\"en-US\",\"potentialAction\":[{\"@type\":\"ReadAction\",\"target\":[\"https:\/\/fondationjeunesentete.org\/en\/\"]}]},{\"@type\":\"ImageObject\",\"inLanguage\":\"en-US\",\"@id\":\"https:\/\/fondationjeunesentete.org\/en\/#primaryimage\",\"url\":\"https:\/\/fondationjeunesentete.tor1.digitaloceanspaces.com\/2020\/06\/fjet_hero_group-teens1sm.jpg\",\"contentUrl\":\"https:\/\/fondationjeunesentete.tor1.digitaloceanspaces.com\/2020\/06\/fjet_hero_group-teens1sm.jpg\",\"width\":2400,\"height\":1200},{\"@type\":\"BreadcrumbList\",\"@id\":\"https:\/\/fondationjeunesentete.org\/en\/#breadcrumb\",\"itemListElement\":[{\"@type\":\"ListItem\",\"position\":1,\"name\":\"Home\",\"item\":\"https:\/\/fondationjeunesentete.org\/en\/\"},{\"@type\":\"ListItem\",\"position\":2,\"name\":\"Homepage\"}]},{\"@type\":\"WebSite\",\"@id\":\"https:\/\/fondationjeunesentete.org\/#website\",\"url\":\"https:\/\/fondationjeunesentete.org\/\",\"name\":\"Fondation Jeunes en T\u00eate\",\"description\":\"Agissons pour le bien-\u00eatre des jeunes\",\"potentialAction\":[{\"@type\":\"SearchAction\",\"target\":{\"@type\":\"EntryPoint\",\"urlTemplate\":\"https:\/\/fondationjeunesentete.org\/?s={search_term_string}\"},\"query-input\":{\"@type\":\"PropertyValueSpecification\",\"valueRequired\":true,\"valueName\":\"search_term_string\"}}],\"inLanguage\":\"en-US\"}]}<\/script>\n<!-- \/ Yoast SEO plugin. -->","yoast_head_json":{"title":"A youth foundation | Fondation Jeunes En T\u00eate","description":"Fondation Jeunes en T\u00eate is supporting young people aged 11 to 18 who are experiencing psychological distress in Quebec.","robots":{"index":"index","follow":"follow","max-snippet":"max-snippet:-1","max-image-preview":"max-image-preview:large","max-video-preview":"max-video-preview:-1"},"canonical":"https:\/\/fondationjeunesentete.org\/en\/","og_locale":"en_US","og_type":"article","og_title":"A youth foundation | Fondation Jeunes En T\u00eate","og_description":"For over 60 years, Fondation Jeunes en T\u00eate has been supporting young people aged 11 to 18 who are experiencing psychological distress.","og_url":"https:\/\/fondationjeunesentete.org\/en\/","og_site_name":"Fondation Jeunes en T\u00eate","article_modified_time":"2026-02-13T17:36:38+00:00","og_image":[{"width":2400,"height":1200,"url":"https:\/\/fondationjeunesentete.tor1.digitaloceanspaces.com\/2020\/06\/fjet_hero_group-teens1sm.jpg","type":"image\/jpeg"}],"twitter_card":"summary_large_image","twitter_title":"A youth foundation | Fondation Jeunes En T\u00eate","twitter_description":"For over 60 years, Fondation Jeunes en T\u00eate has been supporting young people aged 11 to 18 who are experiencing psychological distress.","twitter_image":"https:\/\/fondationjeunesentete.tor1.digitaloceanspaces.com\/2020\/06\/fjet_hero_group-teens1sm.jpg","twitter_misc":{"Est. reading time":"7 minutes"},"schema":{"@context":"https:\/\/schema.org","@graph":[{"@type":"WebPage","@id":"https:\/\/fondationjeunesentete.org\/en\/","url":"https:\/\/fondationjeunesentete.org\/en\/","name":"A youth foundation | Fondation Jeunes En T\u00eate","isPartOf":{"@id":"https:\/\/fondationjeunesentete.org\/#website"},"primaryImageOfPage":{"@id":"https:\/\/fondationjeunesentete.org\/en\/#primaryimage"},"image":{"@id":"https:\/\/fondationjeunesentete.org\/en\/#primaryimage"},"thumbnailUrl":"https:\/\/fondationjeunesentete.tor1.digitaloceanspaces.com\/2020\/06\/fjet_hero_group-teens1sm.jpg","datePublished":"2020-02-12T19:27:26+00:00","dateModified":"2026-02-13T17:36:38+00:00","description":"Fondation Jeunes en T\u00eate is supporting young people aged 11 to 18 who are experiencing psychological distress in Quebec.","breadcrumb":{"@id":"https:\/\/fondationjeunesentete.org\/en\/#breadcrumb"},"inLanguage":"en-US","potentialAction":[{"@type":"ReadAction","target":["https:\/\/fondationjeunesentete.org\/en\/"]}]},{"@type":"ImageObject","inLanguage":"en-US","@id":"https:\/\/fondationjeunesentete.org\/en\/#primaryimage","url":"https:\/\/fondationjeunesentete.tor1.digitaloceanspaces.com\/2020\/06\/fjet_hero_group-teens1sm.jpg","contentUrl":"https:\/\/fondationjeunesentete.tor1.digitaloceanspaces.com\/2020\/06\/fjet_hero_group-teens1sm.jpg","width":2400,"height":1200},{"@type":"BreadcrumbList","@id":"https:\/\/fondationjeunesentete.org\/en\/#breadcrumb","itemListElement":[{"@type":"ListItem","position":1,"name":"Home","item":"https:\/\/fondationjeunesentete.org\/en\/"},{"@type":"ListItem","position":2,"name":"Homepage"}]},{"@type":"WebSite","@id":"https:\/\/fondationjeunesentete.org\/#website","url":"https:\/\/fondationjeunesentete.org\/","name":"Fondation Jeunes en T\u00eate","description":"Agissons pour le bien-\u00eatre des jeunes","potentialAction":[{"@type":"SearchAction","target":{"@type":"EntryPoint","urlTemplate":"https:\/\/fondationjeunesentete.org\/?s={search_term_string}"},"query-input":{"@type":"PropertyValueSpecification","valueRequired":true,"valueName":"search_term_string"}}],"inLanguage":"en-US"}]}},"_links":{"self":[{"href":"https:\/\/fondationjeunesentete.org\/en\/wp-json\/wp\/v2\/pages\/4908","targetHints":{"allow":["GET"]}}],"collection":[{"href":"https:\/\/fondationjeunesentete.org\/en\/wp-json\/wp\/v2\/pages"}],"about":[{"href":"https:\/\/fondationjeunesentete.org\/en\/wp-json\/wp\/v2\/types\/page"}],"author":[{"embeddable":true,"href":"https:\/\/fondationjeunesentete.org\/en\/wp-json\/wp\/v2\/users\/1"}],"replies":[{"embeddable":true,"href":"https:\/\/fondationjeunesentete.org\/en\/wp-json\/wp\/v2\/comments?post=4908"}],"version-history":[{"count":78,"href":"https:\/\/fondationjeunesentete.org\/en\/wp-json\/wp\/v2\/pages\/4908\/revisions"}],"predecessor-version":[{"id":38649,"href":"https:\/\/fondationjeunesentete.org\/en\/wp-json\/wp\/v2\/pages\/4908\/revisions\/38649"}],"wp:featuredmedia":[{"embeddable":true,"href":"https:\/\/fondationjeunesentete.org\/en\/wp-json\/wp\/v2\/media\/1863"}],"wp:attachment":[{"href":"https:\/\/fondationjeunesentete.org\/en\/wp-json\/wp\/v2\/media?parent=4908"}],"curies":[{"name":"wp","href":"https:\/\/api.w.org\/{rel}","templated":true}]}}