{"id":1273,"date":"2020-05-25T16:15:41","date_gmt":"2020-05-25T20:15:41","guid":{"rendered":"https:\/\/fondationjeunesentete.org\/?page_id=1273"},"modified":"2025-01-14T09:52:31","modified_gmt":"2025-01-14T14:52:31","slug":"a-propos","status":"publish","type":"page","link":"https:\/\/fondationjeunesentete.org\/a-propos\/","title":{"rendered":"Notre mission"},"content":{"rendered":"<div class=\"wpb-content-wrapper\"><p>[vc_row full_width=\u00a0\u00bbstretch_row_content_no_spaces\u00a0\u00bb][vc_column]<div class=\"fjet-module-container module-without-overflow bg module-hero bg-color module-bg-color-blanc \">\n    <div class=\"bg-img-hero \" style=\"background-image: url('https:\/\/fondationjeunesentete.tor1.digitaloceanspaces.com\/2020\/06\/fjet-apropos.jpg')\">                <div class=\"container\">\n                        <div class=\"row justify-content-center desktop-only\">\n                <div class=\"col-xl-8\">\n                    <div class=\"content-hero content-txt text-center no-bt \">\n                        <h5 class=\"text-color-blanc\">A PROPOS de la fondation<\/h5>                        <h1 class=\"text-color-blanc \">Sensibiliser pour pr\u00e9venir la d\u00e9tresse psychologique<\/h1>                        <p class=\"lead text-color-\"><\/p>\n                        <div class=\"box-btns\">\t                    \t\t\t\t\t\t<\/div>\n                    <\/div>\n                <\/div>\n            <\/div>\n        <\/div>\n    <\/div>    <div class=\"container mobile-only with-bg \">\n        <div class=\"row row-mobile\">\n            <div class=\"col-12\">\n                <div class=\"content-txt \">\n                    <h5 class=\"text-color-blanc\">A PROPOS de la fondation<\/h5>                    <h1 class=\"text-color-blanc \">Sensibiliser pour pr\u00e9venir la d\u00e9tresse psychologique<\/h1>                    <p class=\"lead text-color-\"><\/p>\n\t\t\t\t\t<div class=\"box-btns\">\t                \t\t\t\t\t<\/div>\n                <\/div>\n            <\/div>\n        <\/div>\n    <\/div>\n<\/div>\n[\/vc_column][\/vc_row][vc_row full_width=\u00a0\u00bbstretch_row_content_no_spaces\u00a0\u00bb][vc_column width=\u00a0\u00bb2\/12&Prime;][\/vc_column][vc_column width=\u00a0\u00bb8\/12&Prime;]<div class=\"module-2-col-txt-img fjet-module-container module-with-overflow bg-color module-bg-color-blanc  \">\n    <!-- decoration-box * pour mettre une deco en fond s'il y a lieu   -->\n        <div class=\"container\">\n        <div class=\"row align-items-center\">\n            <div class=\"col-lg-6\">\n                                    <div class=\"content-img overflow-container\">\n                        <div class=\"img-radius-8\">\n                            <img decoding=\"async\" src=\"https:\/\/fondationjeunesentete.tor1.digitaloceanspaces.com\/2020\/06\/vince-fleming-9pifzhcnrjq-unsplash-2.png\" alt=\"Notre Mission\" class=\"img-fluid\">\n                        <\/div>\n                    <\/div>\n                            <\/div>\n            <div class=\"col-lg-5 offset-lg-1\">\n                <div class=\"content-txt\">\n                                        <h3 class=\"text-color-bleu \">Notre Mission<\/h3>                    <p>La Fondation Jeunes en T\u00eate a pour mission de pr\u00e9venir la d\u00e9tresse psychologique des jeunes de 11 \u00e0 18 ans au Qu\u00e9bec.<\/p>\n<p>Nous accomplissons cette mission en offrant aux adolescents, \u00e0 leurs parents et au personnel scolaire des outils en ligne et des ateliers de sensibilisation dans les \u00e9coles. \u00a0D\u00e9stigmatiser, sensibiliser et outiller, voici les gestes concrets que nous posons chaque jour pour aider les prochaines g\u00e9n\u00e9rations \u00e0 faire face aux d\u00e9fis de la vie.<\/p>\n                                    <\/div>\n            <\/div>\n        <\/div>\n    <\/div>\n<\/div>[\/vc_column][vc_column width=\u00a0\u00bb2\/12&Prime;][\/vc_column][\/vc_row][vc_row full_width=\u00a0\u00bbstretch_row_content_no_spaces\u00a0\u00bb][vc_column][vc_row_inner el_class=\u00a0\u00bbdesktop-only\u00a0\u00bb][vc_column_inner]<div class=\"fjet-module-container module-texte-centre  module-without-overflow bg-color module-bg-color-blanc   \">\n            <div class=\"container\">\n        <div class=\"row\">\n            <div class=\"col-12 text-center\">\n                <div class=\"content-txt\">\n                    <h4 class=\"text-color-\">Notre Histoire<\/h4>                                        <p><span class=\"lead\">La Fondation Jeunes en T\u00eate, c\u2019est l\u2019heureux mariage de deux organismes solides et cr\u00e9dibles qui \u0153uvrent pour le bien-\u00eatre des jeunes depuis plusieurs d\u00e9cennies. Voici quelques pans de son histoire.<\/span><\/p>\n                                    <\/div>\n            <\/div>\n        <\/div>\n    <\/div>\n    <\/div>[\/vc_column_inner][\/vc_row_inner][vc_row_inner el_class=\u00a0\u00bbmobile-only\u00a0\u00bb][vc_column_inner]<div class=\"fjet-module-container module-texte-centre  module-without-overflow bg-color module-bg-color-blanc   \">\n            <div class=\"container\">\n        <div class=\"row\">\n            <div class=\"col-12 \">\n                <div class=\"content-txt\">\n                    <h4 class=\"text-color-\">Notre Histoire<\/h4>                                        <p><span class=\"lead\">La Fondation Jeunes en T\u00eate, c\u2019est l\u2019heureux mariage de deux organismes solides et cr\u00e9dibles qui \u0153uvrent pour le bien-\u00eatre des jeunes depuis plusieurs d\u00e9cennies. Voici quelques pans de son histoire.<\/span><\/p>\n                                    <\/div>\n            <\/div>\n        <\/div>\n    <\/div>\n    <\/div>[\/vc_column_inner][\/vc_row_inner][\/vc_column][\/vc_row][vc_row][vc_column]<div class=\"fjet-module-container module-caroussel module-without-overflow  bg-color module-bg-color-\">\n    <!-- decoration-box * pour mettre une deco en fond, par dessus une image s'il y a lieu   -->\n        <div class=\"container\">\n        <div class=\"row\">\n            <div class=\"col-12\">\n                <div class=\"content-txt\">\n                                                        <\/div>\n            <\/div>\n        <\/div>\n    <\/div>\n    <div class=\"container \">\n        <div class=\"row\">\n            <div class=\"col-12\">\n                <div class=\"swiper-container theme-fjet\">\n                    <div class=\"swiper-wrapper\">\n                        <div class=\"swiper-slide item\">\n    <div class=\"carousel-color-box bg-rose module-shadow\">\n                    <div class=\"img-box\">\n                                                <\/div>\n                    <div class=\"txt-box\">\n\t                                \t                    <\/p>\n<h1 style=\"text-align: center;\"><span style=\"color: #ffffff;\">1980<\/span><\/h1>\n<p><span style=\"font-weight: 400; color: #ffffff;\">Naissance de la Fondation des maladies mentales sous la gouverne du Dr Yves Lamontagne, \u00e9minent psychiatre.<\/span><\/p>\n                    <\/div>\n    <\/div>\n<\/div>\n<div class=\"swiper-slide item\">\n    <div class=\"carousel-color-box bg-bleu module-shadow\">\n                    <div class=\"img-box\">\n                                                <\/div>\n                    <div class=\"txt-box\">\n\t                                \t                    <\/p>\n<h1 style=\"text-align: center;\"><span style=\"color: #ffffff;\">1995<\/span><\/h1>\n<p><span style=\"font-weight: 400; color: #ffffff;\">Cr\u00e9ation de la Fondation Promexpo (qui aboutira plus tard sur la Fondation Qu\u00e9bec Jeunes) par des gens d&rsquo;affaires. Elle \u0153uvre pour le mieux-\u00eatre physique et mental des jeunes d\u00e9munis et sans abri. Elle \u00e9tendra ensuite son action \u00e0 tous les jeunes de 11 \u00e0 17 ans qui se retrouvent en difficult\u00e9 ou en voie de l\u2019\u00eatre.<\/span><\/p>\n                    <\/div>\n    <\/div>\n<\/div>\n<div class=\"swiper-slide item\">\n    <div class=\"carousel-color-box bg-vert module-shadow\">\n                    <div class=\"img-box\">\n                                                <\/div>\n                    <div class=\"txt-box\">\n\t                                \t                    <\/p>\n<h1 style=\"text-align: center;\"><span style=\"color: #ffffff;\">1998<\/span><\/h1>\n<p><span style=\"color: #ffffff;\"><span style=\"font-weight: 400;\">Cr\u00e9ation du programme Solidaires pour la sant\u00e9 mentale (connu jusqu\u2019en 2016 sous le nom de Solidaires pour la vie) par la Fondation des maladies mentales. <\/span><b>+ d\u20191 million de jeunes sensibilis\u00e9s \u00e0 ce jour!<\/b><\/span><\/p>\n                    <\/div>\n    <\/div>\n<\/div>\n<div class=\"swiper-slide item\">\n    <div class=\"carousel-color-box bg-rose module-shadow\">\n                    <div class=\"img-box\">\n                                                <\/div>\n                    <div class=\"txt-box\">\n\t                                \t                    <\/p>\n<h1 style=\"text-align: center;\"><span style=\"color: #ffffff;\">2013<\/span><\/h1>\n<p><span style=\"font-weight: 400; color: #ffffff;\">Lancement du Prix Inspiration par la Fondation Qu\u00e9bec Jeunes pour souligner le travail d\u2019organismes exceptionnels.<\/span><\/p>\n                    <\/div>\n    <\/div>\n<\/div>\n<div class=\"swiper-slide item\">\n    <div class=\"carousel-color-box bg-bleu module-shadow\">\n                    <div class=\"img-box\">\n                                                <\/div>\n                    <div class=\"txt-box\">\n\t                                \t                    <\/p>\n<h1 style=\"text-align: center;\"><span style=\"color: #ffffff;\">2017<\/span><\/h1>\n<p><span style=\"color: #ffffff;\">Cr\u00e9ation de la Fondation Jeunes en T\u00eate gr\u00e2ce \u00e0 la r\u00e9union de la Fondation Qu\u00e9bec Jeunes et de la Fondation des maladies mentales.<\/span><\/p>\n                    <\/div>\n    <\/div>\n<\/div>\n<div class=\"swiper-slide item\">\n    <div class=\"carousel-color-box bg-vert module-shadow\">\n                    <div class=\"img-box\">\n                                                <\/div>\n                    <div class=\"txt-box\">\n\t                                \t                    <\/p>\n<h1 style=\"text-align: center;\"><span style=\"color: #ffffff;\">2019<\/span><\/h1>\n<p>&nbsp;<\/p>\n<h3 style=\"text-align: center;\"><span style=\"color: #ffffff;\">NOUVEL ATELIER<\/span><\/h3>\n<p><span style=\"font-weight: 400; color: #ffffff;\">Lancement du nouvel atelier \u00ab\u00a0La base pour la sant\u00e9 mentale\u00a0\u00bb vers les \u00e9l\u00e8ves de 1e et 2e secondaires pour favoriser une bonne sant\u00e9 mentale chez les adolescents, d\u00e8s le plus jeune \u00e2ge.<\/span><\/p>\n                    <\/div>\n    <\/div>\n<\/div>\n                    <\/div>\n                    <div class=\"swiper-pagination\"><\/div>\n                    <div class=\"swiper-nav\">\n                        <div class=\"swiper-button-prev\"><\/div>\n                        <div class=\"swiper-button-next\"><\/div>\n                    <\/div>\n                <\/div>\n            <\/div>\n        <\/div>\n    <\/div>\n<\/div>\n[\/vc_column][\/vc_row][vc_row full_width=\u00a0\u00bbstretch_row_content_no_spaces\u00a0\u00bb][vc_column width=\u00a0\u00bb1\/6&Prime;][\/vc_column][vc_column width=\u00a0\u00bb2\/3&Prime;]<div class=\"fjet-module-container module-texte-centre  module-without-overflow bg-color module-bg-color-blanc   \">\n            <div class=\"container\">\n        <div class=\"row\">\n            <div class=\"col-12 text-center\">\n                <div class=\"content-txt\">\n                                        <h2 class=\"text-color- \">Une vision forte<\/h2>                    <p><span class=\"lead\" style=\"text-align: center;\">La Fondation Jeunes en T\u00eate, c&rsquo;est donc une vision forte construite au fil des ann\u00e9es: celle du bien-\u00eatre et de la sant\u00e9 mentale des jeunes. Elle trace aujourd\u2019hui un chemin philanthropique innovant pour maximiser son impact dans la soci\u00e9t\u00e9.<\/span><\/p>\n                                    <\/div>\n            <\/div>\n        <\/div>\n    <\/div>\n    <\/div>[\/vc_column][vc_column width=\u00a0\u00bb1\/6&Prime;][\/vc_column][\/vc_row][vc_row full_width=\u00a0\u00bbstretch_row_content_no_spaces\u00a0\u00bb][vc_column]<div class=\"fjet-module-container module-title-container module-without-overflow  bg-color module-bg-color-blanc    \">\n            <div class=\"decoration-box desktop\" style=\"background-image: url('https:\/\/fondationjeunesentete.tor1.digitaloceanspaces.com\/2020\/07\/light-green-scribble-dsk.svg')\"><\/div><div class=\"decoration-box mobile\" style=\"background-image: url('https:\/\/fondationjeunesentete.tor1.digitaloceanspaces.com\/2020\/07\/light-green-scribble-dsk.svg')\"><\/div>\n        <div class=\"container\">\n            <div class=\"row\">\n                <div class=\"col-12\">\n                    <div class=\"content-txt \">\n                                                <h2 class=\"text-color-vert \">En savoir plus sur la fondation<\/h2>                    <\/div>\n                    <div class=\"content-vc\">\n                        [vc_row_inner][vc_column_inner width=\u00a0\u00bb1\/2&Prime;]<div class=\"fjet-module-container image-texte-module  \">\n    <div class=\"container\">\n        <div class=\"row\">\n            <div class=\"col-12\">\n    <div class=\"content-img\" >\n        <div class=\"img-radius-8 pb-26\">\n            <img decoding=\"async\" src=\"https:\/\/fondationjeunesentete.tor1.digitaloceanspaces.com\/2020\/07\/fjet-soutien-organismes.jpg\" alt=\"\" class=\"img-fluid\">\n        <\/div>    <\/div>\n    <div class=\"content-txt\"  >\n                <h4 class=\"text-color- \">Un impact grandissant<\/h4>        <p>Chaque ann\u00e9e, nous accomplissons de nouveaux pas vers une meilleure pr\u00e9vention de la d\u00e9tresse psychologique des jeunes au Qu\u00e9bec.<\/p>\n                    <a class=\"btn btn-primary\" href=\"https:\/\/fondationjeunesentete.org\/a-propos\/notre-impact\/\" title=\"Notre impact\" target=\"\"><span>notre impact<\/span><\/a>\n            <\/div>\n            <\/div>\n        <\/div>\n    <\/div>\n<\/div>[\/vc_column_inner][vc_column_inner width=\u00a0\u00bb1\/2&Prime;]<div class=\"fjet-module-container image-texte-module  \">\n    <div class=\"container\">\n        <div class=\"row\">\n            <div class=\"col-12\">\n    <div class=\"content-img\" >\n        <div class=\"img-radius-8 pb-26\">\n            <img decoding=\"async\" src=\"https:\/\/fondationjeunesentete.tor1.digitaloceanspaces.com\/2020\/08\/footer-nos-allies.jpg\" alt=\"\" class=\"img-fluid\">\n        <\/div>    <\/div>\n    <div class=\"content-txt\"  >\n                <h4 class=\"text-color- \">Merci \u00e0 NOS ALLI\u00c9S<\/h4>        <p>Sans eux, rien ne serait possible. Gr\u00e2ce \u00e0 leur soutien, nos 6100 incroyables alli\u00e9-es permettent \u00e0 la Fondation d\u2019assurer durablement notre action aupr\u00e8s des jeunes.<\/p>\n                    <a class=\"btn btn-primary\" href=\"https:\/\/fondationjeunesentete.org\/a-propos\/nos-allies\/\" title=\"Notre impact\" target=\"\"><span>D\u00e9couvrez leur pr\u00e9cieuse contribution<\/span><\/a>\n            <\/div>\n            <\/div>\n        <\/div>\n    <\/div>\n<\/div>[\/vc_column_inner][\/vc_row_inner]                    <\/div>\n                <\/div>\n            <\/div>\n        <\/div>\n        <\/div>\n[\/vc_column][\/vc_row][vc_row full_width=\u00a0\u00bbstretch_row_content_no_spaces\u00a0\u00bb disable_element=\u00a0\u00bbyes\u00a0\u00bb el_id=\u00a0\u00bbprix-meritas-anchor\u00a0\u00bb][vc_column]<div class=\"module-2-col-txt-img fjet-module-container module-with-overflow bg-color module-bg-color-vertPale  \">\n    <!-- decoration-box * pour mettre une deco en fond s'il y a lieu   -->\n        <div class=\"container\">\n        <div class=\"row align-items-center\">\n            <div class=\"col-lg-6\">\n                                    <div class=\"content-img overflow-container\">\n                        <div class=\"img-radius-8\">\n                            <img decoding=\"async\" src=\"https:\/\/fondationjeunesentete.tor1.digitaloceanspaces.com\/2020\/07\/aqps.png\" alt=\"Prix M\u00e9ritas organisation de l'ann\u00e9e en 2019\" class=\"img-fluid\">\n                        <\/div>\n                    <\/div>\n                            <\/div>\n            <div class=\"col-lg-5 offset-lg-1\">\n                <div class=\"content-txt\">\n                                        <h3 class=\"text-color- \">Prix M\u00e9ritas organisation de l'ann\u00e9e en 2019<\/h3>                    <p>La Fondation a \u00e9t\u00e9 reconnue par l\u2019Association qu\u00e9b\u00e9coise de la pr\u00e9vention du suicide (AQPS), pour son r\u00f4le d\u00e9terminant dans ce domaine.<\/p>\n                                    <\/div>\n            <\/div>\n        <\/div>\n    <\/div>\n<\/div>[\/vc_column][\/vc_row][vc_row full_width=\u00a0\u00bbstretch_row_content_no_spaces\u00a0\u00bb][vc_column]<div class=\"module-2-col-txt-img fjet-module-container module-with-overflow bg-color module-bg-color-blanc  \">\n    <!-- decoration-box * pour mettre une deco en fond s'il y a lieu   -->\n        <div class=\"container\">\n        <div class=\"row align-items-center\">\n            <div class=\"order-1 order-lg-2 col-lg-6 offset-lg-1\">\n                                    <div class=\"content-img overflow-container\">\n                        <div class=\"img-radius-8\">\n                            <img decoding=\"async\" src=\"https:\/\/fondationjeunesentete.tor1.digitaloceanspaces.com\/2020\/06\/fjet-administration.jpg\" alt=\"Notre conseil d\u2019administration\" class=\"img-fluid\">\n                        <\/div>\n                    <\/div>\n                            <\/div>\n            <div class=\"order-2 order-lg-1 col-lg-5\">\n                <div class=\"content-txt\">\n                                        <h3 class=\"text-color- \">Notre conseil d\u2019administration<\/h3>                    <p>Unis par le d\u00e9sir de faire avancer la sant\u00e9 mentale des jeunes, les membres de notre conseil d\u2019administration nous permettent chaque ann\u00e9e de porter loin les projets de la Fondation. D\u00e9couvrez ces personnalit\u00e9s exceptionnelles.<\/p>\n                                            <a class=\"btn btn-primary data-gtm-trigger\" \n                            href=\"https:\/\/fondationjeunesentete.org\/a-propos\/conseil-d-administration\/\"\n                            title=\"Notre impact\"\n                            target=\"\"\n                            data-gtm-event=\"Download\" \n                            data-gtm-event-category=\"Opportunity\" \n                            data-gtm-event-action=\"Download\" \n                            data-gtm-event-label=\"Notre impact\" \n                            data-gtm-download-category=\"Inscription\">\n                            <span>notre conseil<\/span>\n                        <\/a>\n                                    <\/div>\n            <\/div>\n        <\/div>\n    <\/div>\n<\/div>[\/vc_column][\/vc_row][vc_row full_width=\u00a0\u00bbstretch_row_content_no_spaces\u00a0\u00bb][vc_column]<div class=\"fjet-module-container module-texte-centre  module-without-overflow bg-color module-bg-color-blanc   \">\n            <div class=\"container\">\n        <div class=\"row\">\n            <div class=\"col-12 text-center\">\n                <div class=\"content-txt\">\n                                        <h2 class=\"text-color-bleu \">D\u00c9COUVREZ L\u2019\u00c9QUIPE DE LA FONDATION<\/h2>                    <p>Nos talents sont la v\u00e9ritable force vive de la Fondation qui lui permet chaque jour de marquer des avanc\u00e9es dans la pr\u00e9vention de la d\u00e9tresse psychologique des ados du Qu\u00e9bec.<\/p>\n                                            <a class=\"btn btn-primary\" href=\"http:\/\/fondationjeunesentete.org\/la-fondation\/a-propos\/notre-equipe\/\" title=\"Notre \u00e9quipe\" target=\"\"><span>Notre \u00e9quipe<\/span><\/a>\n                                    <\/div>\n            <\/div>\n        <\/div>\n    <\/div>\n    <\/div>[vc_empty_space height=\u00a0\u00bb160px\u00a0\u00bb]<div class=\"fjet-module-container module-image module-with-overflow matchHeight  \">\n    <!-- Image au centre dans le container en position BACK -->\n    <div class=\"container-fluid no-gutters p-0 \">\n        <div class=\"row\">\n            <div class=\"col-12\">\n                <div class=\"img-container overflow-container\">\n                                    <img decoding=\"async\" src=\"https:\/\/fondationjeunesentete.tor1.digitaloceanspaces.com\/2024\/12\/mosaique-site-web-fjet-2024-scaled.jpg\" alt=\"\" class=\"img-fluid\">\n                                <\/div>\n            <\/div>\n        <\/div>\n    <\/div>\n<\/div>[vc_empty_space height=\u00a0\u00bb160px\u00a0\u00bb][\/vc_column][\/vc_row][vc_row][vc_column][\/vc_column][\/vc_row]<\/p>\n<\/div>","protected":false},"excerpt":{"rendered":"<p>Sensibiliser pour pr\u00e9venir la d\u00e9tresse psychologique<\/p>\n","protected":false},"author":14,"featured_media":0,"parent":0,"menu_order":0,"comment_status":"closed","ping_status":"closed","template":"","meta":{"_acf_changed":false,"inline_featured_image":false,"footnotes":""},"class_list":["post-1273","page","type-page","status-publish","hentry"],"acf":[],"yoast_head":"<!-- This site is optimized with the Yoast SEO plugin v26.8 - https:\/\/yoast.com\/product\/yoast-seo-wordpress\/ -->\n<title>Notre mission - Fondation Jeunes en T\u00eate<\/title>\n<meta name=\"robots\" content=\"index, follow, max-snippet:-1, max-image-preview:large, max-video-preview:-1\" \/>\n<link rel=\"canonical\" href=\"https:\/\/fondationjeunesentete.org\/a-propos\/\" \/>\n<meta property=\"og:locale\" content=\"fr_FR\" \/>\n<meta property=\"og:type\" content=\"article\" \/>\n<meta property=\"og:title\" content=\"Notre mission - Fondation Jeunes en T\u00eate\" \/>\n<meta property=\"og:description\" content=\"Sensibiliser pour pr\u00e9venir la d\u00e9tresse psychologique\" \/>\n<meta property=\"og:url\" content=\"https:\/\/fondationjeunesentete.org\/a-propos\/\" \/>\n<meta property=\"og:site_name\" content=\"Fondation Jeunes en T\u00eate\" \/>\n<meta property=\"article:modified_time\" content=\"2025-01-14T14:52:31+00:00\" \/>\n<meta name=\"twitter:card\" content=\"summary_large_image\" \/>\n<meta name=\"twitter:label1\" content=\"Dur\u00e9e de lecture estim\u00e9e\" \/>\n\t<meta name=\"twitter:data1\" content=\"5 minutes\" \/>\n<script type=\"application\/ld+json\" class=\"yoast-schema-graph\">{\"@context\":\"https:\/\/schema.org\",\"@graph\":[{\"@type\":\"WebPage\",\"@id\":\"https:\/\/fondationjeunesentete.org\/a-propos\/\",\"url\":\"https:\/\/fondationjeunesentete.org\/a-propos\/\",\"name\":\"Notre mission - Fondation Jeunes en T\u00eate\",\"isPartOf\":{\"@id\":\"https:\/\/fondationjeunesentete.org\/#website\"},\"datePublished\":\"2020-05-25T20:15:41+00:00\",\"dateModified\":\"2025-01-14T14:52:31+00:00\",\"breadcrumb\":{\"@id\":\"https:\/\/fondationjeunesentete.org\/a-propos\/#breadcrumb\"},\"inLanguage\":\"fr-FR\",\"potentialAction\":[{\"@type\":\"ReadAction\",\"target\":[\"https:\/\/fondationjeunesentete.org\/a-propos\/\"]}]},{\"@type\":\"BreadcrumbList\",\"@id\":\"https:\/\/fondationjeunesentete.org\/a-propos\/#breadcrumb\",\"itemListElement\":[{\"@type\":\"ListItem\",\"position\":1,\"name\":\"Home\",\"item\":\"https:\/\/fondationjeunesentete.org\/\"},{\"@type\":\"ListItem\",\"position\":2,\"name\":\"Notre mission\"}]},{\"@type\":\"WebSite\",\"@id\":\"https:\/\/fondationjeunesentete.org\/#website\",\"url\":\"https:\/\/fondationjeunesentete.org\/\",\"name\":\"Fondation Jeunes en T\u00eate\",\"description\":\"Agissons pour le bien-\u00eatre des jeunes\",\"potentialAction\":[{\"@type\":\"SearchAction\",\"target\":{\"@type\":\"EntryPoint\",\"urlTemplate\":\"https:\/\/fondationjeunesentete.org\/?s={search_term_string}\"},\"query-input\":{\"@type\":\"PropertyValueSpecification\",\"valueRequired\":true,\"valueName\":\"search_term_string\"}}],\"inLanguage\":\"fr-FR\"}]}<\/script>\n<!-- \/ Yoast SEO plugin. -->","yoast_head_json":{"title":"Notre mission - Fondation Jeunes en T\u00eate","robots":{"index":"index","follow":"follow","max-snippet":"max-snippet:-1","max-image-preview":"max-image-preview:large","max-video-preview":"max-video-preview:-1"},"canonical":"https:\/\/fondationjeunesentete.org\/a-propos\/","og_locale":"fr_FR","og_type":"article","og_title":"Notre mission - Fondation Jeunes en T\u00eate","og_description":"Sensibiliser pour pr\u00e9venir la d\u00e9tresse psychologique","og_url":"https:\/\/fondationjeunesentete.org\/a-propos\/","og_site_name":"Fondation Jeunes en T\u00eate","article_modified_time":"2025-01-14T14:52:31+00:00","twitter_card":"summary_large_image","twitter_misc":{"Dur\u00e9e de lecture estim\u00e9e":"5 minutes"},"schema":{"@context":"https:\/\/schema.org","@graph":[{"@type":"WebPage","@id":"https:\/\/fondationjeunesentete.org\/a-propos\/","url":"https:\/\/fondationjeunesentete.org\/a-propos\/","name":"Notre mission - Fondation Jeunes en T\u00eate","isPartOf":{"@id":"https:\/\/fondationjeunesentete.org\/#website"},"datePublished":"2020-05-25T20:15:41+00:00","dateModified":"2025-01-14T14:52:31+00:00","breadcrumb":{"@id":"https:\/\/fondationjeunesentete.org\/a-propos\/#breadcrumb"},"inLanguage":"fr-FR","potentialAction":[{"@type":"ReadAction","target":["https:\/\/fondationjeunesentete.org\/a-propos\/"]}]},{"@type":"BreadcrumbList","@id":"https:\/\/fondationjeunesentete.org\/a-propos\/#breadcrumb","itemListElement":[{"@type":"ListItem","position":1,"name":"Home","item":"https:\/\/fondationjeunesentete.org\/"},{"@type":"ListItem","position":2,"name":"Notre mission"}]},{"@type":"WebSite","@id":"https:\/\/fondationjeunesentete.org\/#website","url":"https:\/\/fondationjeunesentete.org\/","name":"Fondation Jeunes en T\u00eate","description":"Agissons pour le bien-\u00eatre des jeunes","potentialAction":[{"@type":"SearchAction","target":{"@type":"EntryPoint","urlTemplate":"https:\/\/fondationjeunesentete.org\/?s={search_term_string}"},"query-input":{"@type":"PropertyValueSpecification","valueRequired":true,"valueName":"search_term_string"}}],"inLanguage":"fr-FR"}]}},"_links":{"self":[{"href":"https:\/\/fondationjeunesentete.org\/wp-json\/wp\/v2\/pages\/1273","targetHints":{"allow":["GET"]}}],"collection":[{"href":"https:\/\/fondationjeunesentete.org\/wp-json\/wp\/v2\/pages"}],"about":[{"href":"https:\/\/fondationjeunesentete.org\/wp-json\/wp\/v2\/types\/page"}],"author":[{"embeddable":true,"href":"https:\/\/fondationjeunesentete.org\/wp-json\/wp\/v2\/users\/14"}],"replies":[{"embeddable":true,"href":"https:\/\/fondationjeunesentete.org\/wp-json\/wp\/v2\/comments?post=1273"}],"version-history":[{"count":9,"href":"https:\/\/fondationjeunesentete.org\/wp-json\/wp\/v2\/pages\/1273\/revisions"}],"predecessor-version":[{"id":33160,"href":"https:\/\/fondationjeunesentete.org\/wp-json\/wp\/v2\/pages\/1273\/revisions\/33160"}],"wp:attachment":[{"href":"https:\/\/fondationjeunesentete.org\/wp-json\/wp\/v2\/media?parent=1273"}],"curies":[{"name":"wp","href":"https:\/\/api.w.org\/{rel}","templated":true}]}}